{"id":848,"date":"2026-01-26T14:49:48","date_gmt":"2026-01-26T14:49:48","guid":{"rendered":"https:\/\/dev-lechtal-alpin.at\/?page_id=848"},"modified":"2026-04-10T08:56:36","modified_gmt":"2026-04-10T08:56:36","slug":"dremelspitze-bergfuehrer-lechtal-tirol","status":"publish","type":"page","link":"https:\/\/lechtal-alpin.at\/index.php\/dremelspitze-bergfuehrer-lechtal-tirol\/","title":{"rendered":"Dremelspitze"},"content":{"rendered":"<div class=\"wpb-content-wrapper\"><p>[vc_row][vc_column][vc_empty_space height=&#8220;60&#8243;][vc_row_inner equal_height=&#8220;yes&#8220; gap=&#8220;5&#8243;][vc_column_inner width=&#8220;1\/2&#8243;][\/vc_column_inner][vc_column_inner width=&#8220;1\/2&#8243; css=&#8220;.vc_custom_1769756093731{background-color: #E3E3E3 !important;background-position: center !important;background-repeat: no-repeat !important;background-size: cover !important;}&#8220;][vc_column_text css=&#8220;.vc_custom_1770369253259{margin-right: 15px !important;margin-left: 20px !important;}&#8220;]<\/p>\n<h3><strong><span style=\"color: #ae6523;\">DREMELSPITZE<br \/>\n<\/span><\/strong><span style=\"color: #ae6523;\">Pyramide des Lechtals<\/span><\/h3>\n<p><strong>Dauer:<\/strong> 1 Tag<br \/>\n<strong>Teilnehmer:<\/strong> 1\u20132 Personen<\/p>\n<p><strong>Ausgangsort:<\/strong> Boden<br \/>\n<strong>Schwierigkeit:<\/strong> Leichte Kletterei (II)<br \/>\n<strong>Voraussetzung:<\/strong> Trittsicherheit, Schwindelfreiheit, gute Kondition<\/p>\n<h4><strong><span style=\"color: #ae6523;\">Ab \u20ac 299,00 \/ pro Person<\/span><\/strong><\/h4>\n<p>[\/vc_column_text][\/vc_column_inner][\/vc_row_inner][vc_empty_space height=&#8220;60&#8243;][\/vc_column][\/vc_row][vc_row full_width=&#8220;stretch_row&#8220; css=&#8220;.vc_custom_1763991539983{background-color: #E3E3E3 !important;background-position: center !important;background-repeat: no-repeat !important;background-size: cover !important;}&#8220;][vc_column][vc_empty_space height=&#8220;20&#8243;][vc_row_inner gap=&#8220;15&#8243;][vc_column_inner width=&#8220;1\/2&#8243;][vc_column_text css=&#8220;&#8220;]<strong>Spannende und anspruchsvolle Bergtour auf die Dremelspitze (2733m). Die gigantische Felspyramide ist einer der sch\u00f6nsten Berge in den gesamten n\u00f6rdlichen Kalkalpen.<\/strong><\/p>\n<p>Wir treffen uns in der fr\u00fch auf der Hanauer H\u00fctte, zu der ihr am Vortag bereits selbstst\u00e4ndig aufgestiegen seid. Anschlie\u00dfend wandern wir zur westlichen Dremelscharte wo der Gipfelaufstieg beginnt. Von dort klettern wir in leichter Kletterei (I+II) \u00fcber den Normalweg bis zum Gipfel auf dem wir die herrliche Aussicht genie\u00dfen. Denselben Weg geht es wieder retour bis zur Dremelscharte und von dort zur\u00fcck zur Hanauer H\u00fctte. F\u00fcr Konditionsstarke ist die Tour auch an einem Tag vom Tal aus m\u00f6glich.<strong><br \/>\n<\/strong>[\/vc_column_text][\/vc_column_inner][vc_column_inner width=&#8220;1\/2&#8243;][vc_column_text css=&#8220;&#8220;]<strong>Leistung:<\/strong><br \/>\n\u2022 Planung und Organisation<br \/>\n\u2022 F\u00fchrung durch staatlich gepr\u00fcften Berg- und Skif\u00fchrer<br \/>\n\u2022 Bei Bedarf Reservierung der H\u00fctte<br \/>\n\u2022 Leihausr\u00fcstung<\/p>\n<p><strong>Zusatzkosten:<\/strong><br \/>\n\u2022 Kosten f\u00fcr An- und Abreise<br \/>\n\u2022 Bei Bedarf \u00dcbernachtung + HP auf der H\u00fctte<\/p>\n<p><strong>Preisinfo:<br \/>\n<\/strong>\u20ac 500,00 pro Person bei 1 TN<br \/>\n\u20ac 299,00 pro Person bei 2 TN<\/p>\n<p><strong>Unterkunft Empfehlung:<br \/>\n<\/strong>\u2022 <a href=\"https:\/\/hanauer-huette.at\">Hanauer H\u00fctte<\/a><br \/>\n\u2022<a href=\"https:\/\/apartment-lechtal-alpin.at\"> Apartment Lechtal Alpin<\/a>[\/vc_column_text][vc_btn title=&#8220;JETZT ANFRAGEN&#8220; style=&#8220;outline-custom&#8220; outline_custom_color=&#8220;#AE6523&#8243; outline_custom_hover_background=&#8220;#AE6523&#8243; shape=&#8220;square&#8220; align=&#8220;left&#8220; css=&#8220;&#8220; link=&#8220;url:mailto%3Amarvin%40lechtal-alpin.at%3Fsubject%3DAnfrage%20Bergsteigen-Dremelspitzespitze&#8220;][\/vc_column_inner][\/vc_row_inner][vc_empty_space height=&#8220;20&#8243;][\/vc_column][\/vc_row]<\/p>\n<\/div>","protected":false},"excerpt":{"rendered":"<p>[vc_row][vc_column][vc_empty_space height=&#8220;60&#8243;][vc_row_inner equal_height=&#8220;yes&#8220; gap=&#8220;5&#8243;][vc_column_inner width=&#8220;1\/2&#8243;][\/vc_column_inner][vc_column_inner width=&#8220;1\/2&#8243; css=&#8220;.vc_custom_1769756093731{background-color: #E3E3E3 !important;background-position: center !important;background-repeat: no-repeat !important;background-size: cover !important;}&#8220;][vc_column_text css=&#8220;.vc_custom_1770369253259{margin-right: 15px !important;margin-left: 20px !important;}&#8220;] DREMELSPITZE Pyramide des Lechtals Dauer: 1 Tag Teilnehmer: 1\u20132 Personen Ausgangsort: Boden Schwierigkeit: Leichte Kletterei (II) Voraussetzung: Trittsicherheit, Schwindelfreiheit, gute Kondition Ab \u20ac 299,00 \/ pro Person [\/vc_column_text][\/vc_column_inner][\/vc_row_inner][vc_empty_space height=&#8220;60&#8243;][\/vc_column][\/vc_row][vc_row full_width=&#8220;stretch_row&#8220; [&hellip;]<\/p>\n","protected":false},"author":4,"featured_media":1407,"parent":0,"menu_order":0,"comment_status":"closed","ping_status":"closed","template":"","meta":{"inspiro_page_layout":"narrow","inspiro_hide_title":false,"footnotes":""},"class_list":["post-848","page","type-page","status-publish","has-post-thumbnail","hentry"],"yoast_head":"<!-- This site is optimized with the Yoast SEO plugin v27.3 - https:\/\/yoast.com\/product\/yoast-seo-wordpress\/ -->\n<title>Dremelspitze - Lechtal Alpin<\/title>\n<meta name=\"description\" content=\"Mit einheimischem Bergf\u00fchrer auf die Dremespitze in den Lechtaler Alpen, gigantische Felspyramide mitten im Herzen der Lechtaler Alpen\" \/>\n<meta name=\"robots\" content=\"index, follow, max-snippet:-1, max-image-preview:large, max-video-preview:-1\" \/>\n<link rel=\"canonical\" href=\"https:\/\/lechtal-alpin.at\/index.php\/dremelspitze-bergfuehrer-lechtal-tirol\/\" \/>\n<meta property=\"og:locale\" content=\"de_DE\" \/>\n<meta property=\"og:type\" content=\"article\" \/>\n<meta property=\"og:title\" content=\"Dremelspitze - Lechtal Alpin\" \/>\n<meta property=\"og:description\" content=\"Mit einheimischem Bergf\u00fchrer auf die Dremespitze in den Lechtaler Alpen, gigantische Felspyramide mitten im Herzen der Lechtaler Alpen\" \/>\n<meta property=\"og:url\" content=\"https:\/\/lechtal-alpin.at\/index.php\/dremelspitze-bergfuehrer-lechtal-tirol\/\" \/>\n<meta property=\"og:site_name\" content=\"Lechtal Alpin\" \/>\n<meta property=\"article:modified_time\" content=\"2026-04-10T08:56:36+00:00\" \/>\n<meta property=\"og:image\" content=\"https:\/\/lechtal-alpin.at\/wp-content\/uploads\/2026\/02\/Lechtal_Alpin_BEITRAG_Dremelspitze_Bergsteigen.jpg\" \/>\n\t<meta property=\"og:image:width\" content=\"1800\" \/>\n\t<meta property=\"og:image:height\" content=\"1000\" \/>\n\t<meta property=\"og:image:type\" content=\"image\/jpeg\" \/>\n<meta name=\"twitter:card\" content=\"summary_large_image\" \/>\n<meta name=\"twitter:label1\" content=\"Gesch\u00e4tzte Lesezeit\" \/>\n\t<meta name=\"twitter:data1\" content=\"2 Minuten\" \/>\n<script type=\"application\/ld+json\" class=\"yoast-schema-graph\">{\"@context\":\"https:\\\/\\\/schema.org\",\"@graph\":[{\"@type\":\"WebPage\",\"@id\":\"https:\\\/\\\/lechtal-alpin.at\\\/index.php\\\/dremelspitze-bergfuehrer-lechtal-tirol\\\/\",\"url\":\"https:\\\/\\\/lechtal-alpin.at\\\/index.php\\\/dremelspitze-bergfuehrer-lechtal-tirol\\\/\",\"name\":\"Dremelspitze - Lechtal Alpin\",\"isPartOf\":{\"@id\":\"https:\\\/\\\/lechtal-alpin.at\\\/#website\"},\"primaryImageOfPage\":{\"@id\":\"https:\\\/\\\/lechtal-alpin.at\\\/index.php\\\/dremelspitze-bergfuehrer-lechtal-tirol\\\/#primaryimage\"},\"image\":{\"@id\":\"https:\\\/\\\/lechtal-alpin.at\\\/index.php\\\/dremelspitze-bergfuehrer-lechtal-tirol\\\/#primaryimage\"},\"thumbnailUrl\":\"https:\\\/\\\/lechtal-alpin.at\\\/wp-content\\\/uploads\\\/2026\\\/02\\\/Lechtal_Alpin_BEITRAG_Dremelspitze_Bergsteigen.jpg\",\"datePublished\":\"2026-01-26T14:49:48+00:00\",\"dateModified\":\"2026-04-10T08:56:36+00:00\",\"description\":\"Mit einheimischem Bergf\u00fchrer auf die Dremespitze in den Lechtaler Alpen, gigantische Felspyramide mitten im Herzen der Lechtaler Alpen\",\"breadcrumb\":{\"@id\":\"https:\\\/\\\/lechtal-alpin.at\\\/index.php\\\/dremelspitze-bergfuehrer-lechtal-tirol\\\/#breadcrumb\"},\"inLanguage\":\"de-AT\",\"potentialAction\":[{\"@type\":\"ReadAction\",\"target\":[\"https:\\\/\\\/lechtal-alpin.at\\\/index.php\\\/dremelspitze-bergfuehrer-lechtal-tirol\\\/\"]}]},{\"@type\":\"ImageObject\",\"inLanguage\":\"de-AT\",\"@id\":\"https:\\\/\\\/lechtal-alpin.at\\\/index.php\\\/dremelspitze-bergfuehrer-lechtal-tirol\\\/#primaryimage\",\"url\":\"https:\\\/\\\/lechtal-alpin.at\\\/wp-content\\\/uploads\\\/2026\\\/02\\\/Lechtal_Alpin_BEITRAG_Dremelspitze_Bergsteigen.jpg\",\"contentUrl\":\"https:\\\/\\\/lechtal-alpin.at\\\/wp-content\\\/uploads\\\/2026\\\/02\\\/Lechtal_Alpin_BEITRAG_Dremelspitze_Bergsteigen.jpg\",\"width\":1800,\"height\":1000},{\"@type\":\"BreadcrumbList\",\"@id\":\"https:\\\/\\\/lechtal-alpin.at\\\/index.php\\\/dremelspitze-bergfuehrer-lechtal-tirol\\\/#breadcrumb\",\"itemListElement\":[{\"@type\":\"ListItem\",\"position\":1,\"name\":\"Startseite\",\"item\":\"https:\\\/\\\/lechtal-alpin.at\\\/\"},{\"@type\":\"ListItem\",\"position\":2,\"name\":\"Dremelspitze\"}]},{\"@type\":\"WebSite\",\"@id\":\"https:\\\/\\\/lechtal-alpin.at\\\/#website\",\"url\":\"https:\\\/\\\/lechtal-alpin.at\\\/\",\"name\":\"Lechtal Alpin\",\"description\":\"\",\"publisher\":{\"@id\":\"https:\\\/\\\/lechtal-alpin.at\\\/#\\\/schema\\\/person\\\/c379d06227bea9bcc3119575c50a158d\"},\"potentialAction\":[{\"@type\":\"SearchAction\",\"target\":{\"@type\":\"EntryPoint\",\"urlTemplate\":\"https:\\\/\\\/lechtal-alpin.at\\\/?s={search_term_string}\"},\"query-input\":{\"@type\":\"PropertyValueSpecification\",\"valueRequired\":true,\"valueName\":\"search_term_string\"}}],\"inLanguage\":\"de-AT\"},{\"@type\":[\"Person\",\"Organization\"],\"@id\":\"https:\\\/\\\/lechtal-alpin.at\\\/#\\\/schema\\\/person\\\/c379d06227bea9bcc3119575c50a158d\",\"name\":\"Marvin K\u00e4rle\",\"image\":{\"@type\":\"ImageObject\",\"inLanguage\":\"de-AT\",\"@id\":\"https:\\\/\\\/lechtal-alpin.at\\\/wp-content\\\/uploads\\\/2026\\\/04\\\/Logo_Lechtal-Alpin_nur-Schrift-LA-scaled.png\",\"url\":\"https:\\\/\\\/lechtal-alpin.at\\\/wp-content\\\/uploads\\\/2026\\\/04\\\/Logo_Lechtal-Alpin_nur-Schrift-LA-scaled.png\",\"contentUrl\":\"https:\\\/\\\/lechtal-alpin.at\\\/wp-content\\\/uploads\\\/2026\\\/04\\\/Logo_Lechtal-Alpin_nur-Schrift-LA-scaled.png\",\"width\":2560,\"height\":1707,\"caption\":\"Marvin K\u00e4rle\"},\"logo\":{\"@id\":\"https:\\\/\\\/lechtal-alpin.at\\\/wp-content\\\/uploads\\\/2026\\\/04\\\/Logo_Lechtal-Alpin_nur-Schrift-LA-scaled.png\"}}]}<\/script>\n<!-- \/ Yoast SEO plugin. -->","yoast_head_json":{"title":"Dremelspitze - Lechtal Alpin","description":"Mit einheimischem Bergf\u00fchrer auf die Dremespitze in den Lechtaler Alpen, gigantische Felspyramide mitten im Herzen der Lechtaler Alpen","robots":{"index":"index","follow":"follow","max-snippet":"max-snippet:-1","max-image-preview":"max-image-preview:large","max-video-preview":"max-video-preview:-1"},"canonical":"https:\/\/lechtal-alpin.at\/index.php\/dremelspitze-bergfuehrer-lechtal-tirol\/","og_locale":"de_DE","og_type":"article","og_title":"Dremelspitze - Lechtal Alpin","og_description":"Mit einheimischem Bergf\u00fchrer auf die Dremespitze in den Lechtaler Alpen, gigantische Felspyramide mitten im Herzen der Lechtaler Alpen","og_url":"https:\/\/lechtal-alpin.at\/index.php\/dremelspitze-bergfuehrer-lechtal-tirol\/","og_site_name":"Lechtal Alpin","article_modified_time":"2026-04-10T08:56:36+00:00","og_image":[{"width":1800,"height":1000,"url":"https:\/\/lechtal-alpin.at\/wp-content\/uploads\/2026\/02\/Lechtal_Alpin_BEITRAG_Dremelspitze_Bergsteigen.jpg","type":"image\/jpeg"}],"twitter_card":"summary_large_image","twitter_misc":{"Gesch\u00e4tzte Lesezeit":"2 Minuten"},"schema":{"@context":"https:\/\/schema.org","@graph":[{"@type":"WebPage","@id":"https:\/\/lechtal-alpin.at\/index.php\/dremelspitze-bergfuehrer-lechtal-tirol\/","url":"https:\/\/lechtal-alpin.at\/index.php\/dremelspitze-bergfuehrer-lechtal-tirol\/","name":"Dremelspitze - Lechtal Alpin","isPartOf":{"@id":"https:\/\/lechtal-alpin.at\/#website"},"primaryImageOfPage":{"@id":"https:\/\/lechtal-alpin.at\/index.php\/dremelspitze-bergfuehrer-lechtal-tirol\/#primaryimage"},"image":{"@id":"https:\/\/lechtal-alpin.at\/index.php\/dremelspitze-bergfuehrer-lechtal-tirol\/#primaryimage"},"thumbnailUrl":"https:\/\/lechtal-alpin.at\/wp-content\/uploads\/2026\/02\/Lechtal_Alpin_BEITRAG_Dremelspitze_Bergsteigen.jpg","datePublished":"2026-01-26T14:49:48+00:00","dateModified":"2026-04-10T08:56:36+00:00","description":"Mit einheimischem Bergf\u00fchrer auf die Dremespitze in den Lechtaler Alpen, gigantische Felspyramide mitten im Herzen der Lechtaler Alpen","breadcrumb":{"@id":"https:\/\/lechtal-alpin.at\/index.php\/dremelspitze-bergfuehrer-lechtal-tirol\/#breadcrumb"},"inLanguage":"de-AT","potentialAction":[{"@type":"ReadAction","target":["https:\/\/lechtal-alpin.at\/index.php\/dremelspitze-bergfuehrer-lechtal-tirol\/"]}]},{"@type":"ImageObject","inLanguage":"de-AT","@id":"https:\/\/lechtal-alpin.at\/index.php\/dremelspitze-bergfuehrer-lechtal-tirol\/#primaryimage","url":"https:\/\/lechtal-alpin.at\/wp-content\/uploads\/2026\/02\/Lechtal_Alpin_BEITRAG_Dremelspitze_Bergsteigen.jpg","contentUrl":"https:\/\/lechtal-alpin.at\/wp-content\/uploads\/2026\/02\/Lechtal_Alpin_BEITRAG_Dremelspitze_Bergsteigen.jpg","width":1800,"height":1000},{"@type":"BreadcrumbList","@id":"https:\/\/lechtal-alpin.at\/index.php\/dremelspitze-bergfuehrer-lechtal-tirol\/#breadcrumb","itemListElement":[{"@type":"ListItem","position":1,"name":"Startseite","item":"https:\/\/lechtal-alpin.at\/"},{"@type":"ListItem","position":2,"name":"Dremelspitze"}]},{"@type":"WebSite","@id":"https:\/\/lechtal-alpin.at\/#website","url":"https:\/\/lechtal-alpin.at\/","name":"Lechtal Alpin","description":"","publisher":{"@id":"https:\/\/lechtal-alpin.at\/#\/schema\/person\/c379d06227bea9bcc3119575c50a158d"},"potentialAction":[{"@type":"SearchAction","target":{"@type":"EntryPoint","urlTemplate":"https:\/\/lechtal-alpin.at\/?s={search_term_string}"},"query-input":{"@type":"PropertyValueSpecification","valueRequired":true,"valueName":"search_term_string"}}],"inLanguage":"de-AT"},{"@type":["Person","Organization"],"@id":"https:\/\/lechtal-alpin.at\/#\/schema\/person\/c379d06227bea9bcc3119575c50a158d","name":"Marvin K\u00e4rle","image":{"@type":"ImageObject","inLanguage":"de-AT","@id":"https:\/\/lechtal-alpin.at\/wp-content\/uploads\/2026\/04\/Logo_Lechtal-Alpin_nur-Schrift-LA-scaled.png","url":"https:\/\/lechtal-alpin.at\/wp-content\/uploads\/2026\/04\/Logo_Lechtal-Alpin_nur-Schrift-LA-scaled.png","contentUrl":"https:\/\/lechtal-alpin.at\/wp-content\/uploads\/2026\/04\/Logo_Lechtal-Alpin_nur-Schrift-LA-scaled.png","width":2560,"height":1707,"caption":"Marvin K\u00e4rle"},"logo":{"@id":"https:\/\/lechtal-alpin.at\/wp-content\/uploads\/2026\/04\/Logo_Lechtal-Alpin_nur-Schrift-LA-scaled.png"}}]}},"_links":{"self":[{"href":"https:\/\/lechtal-alpin.at\/index.php\/wp-json\/wp\/v2\/pages\/848","targetHints":{"allow":["GET"]}}],"collection":[{"href":"https:\/\/lechtal-alpin.at\/index.php\/wp-json\/wp\/v2\/pages"}],"about":[{"href":"https:\/\/lechtal-alpin.at\/index.php\/wp-json\/wp\/v2\/types\/page"}],"author":[{"embeddable":true,"href":"https:\/\/lechtal-alpin.at\/index.php\/wp-json\/wp\/v2\/users\/4"}],"replies":[{"embeddable":true,"href":"https:\/\/lechtal-alpin.at\/index.php\/wp-json\/wp\/v2\/comments?post=848"}],"version-history":[{"count":8,"href":"https:\/\/lechtal-alpin.at\/index.php\/wp-json\/wp\/v2\/pages\/848\/revisions"}],"predecessor-version":[{"id":1326,"href":"https:\/\/lechtal-alpin.at\/index.php\/wp-json\/wp\/v2\/pages\/848\/revisions\/1326"}],"wp:featuredmedia":[{"embeddable":true,"href":"https:\/\/lechtal-alpin.at\/index.php\/wp-json\/wp\/v2\/media\/1407"}],"wp:attachment":[{"href":"https:\/\/lechtal-alpin.at\/index.php\/wp-json\/wp\/v2\/media?parent=848"}],"curies":[{"name":"wp","href":"https:\/\/api.w.org\/{rel}","templated":true}]}}