{"id":739,"date":"2026-01-15T14:42:27","date_gmt":"2026-01-15T14:42:27","guid":{"rendered":"https:\/\/dev-lechtal-alpin.at\/?page_id=739"},"modified":"2026-04-10T09:13:13","modified_gmt":"2026-04-10T09:13:13","slug":"grossglockner-2","status":"publish","type":"page","link":"https:\/\/lechtal-alpin.at\/index.php\/grossglockner-2\/","title":{"rendered":"Gro\u00dfglockner"},"content":{"rendered":"<div class=\"wpb-content-wrapper\"><p>[vc_row][vc_column][vc_empty_space height=&#8220;60&#8243;][vc_row_inner equal_height=&#8220;yes&#8220; gap=&#8220;5&#8243;][vc_column_inner width=&#8220;1\/2&#8243;][\/vc_column_inner][vc_column_inner width=&#8220;1\/2&#8243; css=&#8220;.vc_custom_1769756093731{background-color: #E3E3E3 !important;background-position: center !important;background-repeat: no-repeat !important;background-size: cover !important;}&#8220;][vc_column_text css=&#8220;.vc_custom_1771837326755{margin-right: 15px !important;margin-left: 20px !important;}&#8220;]<\/p>\n<h3><span style=\"color: #4f84c4;\"><strong>GROSSGLOCKNER<br \/>\n<\/strong><\/span><span style=\"color: #4f84c4;\">Bergklassiker<\/span><\/h3>\n<p><strong>Dauer: <\/strong>2 Tage<br \/>\n<strong>Teilnehmer:<\/strong> 1\u20133 Personen<\/p>\n<p><strong>Ausgangsort:<\/strong> Kals<br \/>\n<strong>Voraussetzung:<\/strong> Paralleles und sicheres Skifahren, Kondition f\u00fcr ca. 1000hm, Tagesetappen von 6h, Trittsicherheit, Schwindelfreiheit<\/p>\n<h4><span style=\"color: #4f84c4;\"><strong>Ab \u20ac 395,00 \/ pro Person<\/strong><\/span><\/h4>\n<p>[\/vc_column_text][\/vc_column_inner][\/vc_row_inner][vc_empty_space height=&#8220;60&#8243;][\/vc_column][\/vc_row][vc_row full_width=&#8220;stretch_row&#8220; css=&#8220;.vc_custom_1763991539983{background-color: #E3E3E3 !important;background-position: center !important;background-repeat: no-repeat !important;background-size: cover !important;}&#8220;][vc_column][vc_empty_space height=&#8220;20&#8243;][vc_row_inner gap=&#8220;15&#8243;][vc_column_inner width=&#8220;1\/2&#8243;][vc_column_text css=&#8220;&#8220;]<strong>Mit Ski auf den h\u00f6chsten Berg von \u00d6sterreich, den Gro\u00dfglockner 3.798 m. <\/strong><strong>Ein absolutes Highlight f\u00fcr alle begeisterten Skibergsteiger.<\/strong><\/p>\n<p>Wir treffen uns um 12:30 am Parkplatz beim Lucknerhaus. Nach dem Ausr\u00fcstungscheck steigen wir in ca. 3h zur St\u00fcdelh\u00fctte auf, wo wir \u00fcbernachten. Am n\u00e4chsten Tag starten wir fr\u00fch morgens \u00fcber das K\u00f6dnitzkees bis kurz vor die Adlersruhe, wo wir die Ski deponieren. Anschlie\u00dfend geht es \u00fcber das Gl\u00f6cknerleitel und den schmalen Grat auf den Kleinglockner und von dort luftig weiter auf den h\u00f6chsten Punkt von \u00d6sterreich.[\/vc_column_text][\/vc_column_inner][vc_column_inner width=&#8220;1\/2&#8243;][vc_column_text css=&#8220;&#8220;]<strong>Leistung: <\/strong><br \/>\n\u2022 Planung und Organisation<br \/>\n\u2022 F\u00fchrung durch staatlich gepr\u00fcften Berg- und Skif\u00fchrer<br \/>\n\u2022 Reservierung der H\u00fctte<\/p>\n<p><strong>Zusatzkosten: <\/strong><br \/>\n\u2022 Koste f\u00fcr An- &amp; Abreise<br \/>\n\u2022 \u00dcbernachtung + HP auf der H\u00fctte<br \/>\n\u2022 Bergf\u00fchrer Spesen<\/p>\n<p><strong>Preisinfo:<br \/>\n<\/strong>\u20ac 395,00 \/ Person bei 3 TN<br \/>\n\u20ac 550,00 \/ Person bei 2 TN<br \/>\n\u20ac 995,00 \/ Person bei 1 TN<\/p>\n<p><strong>Unterkunft Empfehlung:<br \/>\n<\/strong>\u2022 <a href=\"https:\/\/www.alpenverein-muenchen-oberland.de\/huetten\/alpenvereinshuetten\/stuedlhuette\">St\u00fcdlh\u00fctte<\/a>[\/vc_column_text][vc_btn title=&#8220;JETZT ANFRAGEN&#8220; style=&#8220;outline-custom&#8220; outline_custom_color=&#8220;#4F84C4&#8243; outline_custom_hover_background=&#8220;#4F84C4&#8243; shape=&#8220;square&#8220; align=&#8220;left&#8220; css=&#8220;&#8220; link=&#8220;url:mailto%3Amarvin%40lechtal-alpin.at%3Fsubject%3DAnfrage%20Ski-Hochtour-Gro%C3%9Fglockner&#8220;][\/vc_column_inner][\/vc_row_inner][vc_empty_space height=&#8220;20&#8243;][\/vc_column][\/vc_row]<\/p>\n<\/div>","protected":false},"excerpt":{"rendered":"<p>[vc_row][vc_column][vc_empty_space height=&#8220;60&#8243;][vc_row_inner equal_height=&#8220;yes&#8220; gap=&#8220;5&#8243;][vc_column_inner width=&#8220;1\/2&#8243;][\/vc_column_inner][vc_column_inner width=&#8220;1\/2&#8243; css=&#8220;.vc_custom_1769756093731{background-color: #E3E3E3 !important;background-position: center !important;background-repeat: no-repeat !important;background-size: cover !important;}&#8220;][vc_column_text css=&#8220;.vc_custom_1771837326755{margin-right: 15px !important;margin-left: 20px !important;}&#8220;] GROSSGLOCKNER Bergklassiker Dauer: 2 Tage Teilnehmer: 1\u20133 Personen Ausgangsort: Kals Voraussetzung: Paralleles und sicheres Skifahren, Kondition f\u00fcr ca. 1000hm, Tagesetappen von 6h, Trittsicherheit, Schwindelfreiheit Ab \u20ac 395,00 \/ pro Person [&hellip;]<\/p>\n","protected":false},"author":4,"featured_media":1421,"parent":0,"menu_order":0,"comment_status":"closed","ping_status":"closed","template":"","meta":{"inspiro_page_layout":"narrow","inspiro_hide_title":false,"footnotes":""},"class_list":["post-739","page","type-page","status-publish","has-post-thumbnail","hentry"],"yoast_head":"<!-- This site is optimized with the Yoast SEO plugin v27.3 - https:\/\/yoast.com\/product\/yoast-seo-wordpress\/ -->\n<title>Gro\u00dfglockner mit Bergf\u00fchrer - Lechtal Alpin<\/title>\n<meta name=\"description\" content=\"Mit Ski auf den h\u00f6chsten Berg von \u00d6sterreich, den Gro\u00dfglockner 3.798 m. Ein absolutes Highlight f\u00fcr alle begeisterten Skibergsteiger\" \/>\n<meta name=\"robots\" content=\"index, follow, max-snippet:-1, max-image-preview:large, max-video-preview:-1\" \/>\n<link rel=\"canonical\" href=\"https:\/\/lechtal-alpin.at\/index.php\/grossglockner-2\/\" \/>\n<meta property=\"og:locale\" content=\"de_DE\" \/>\n<meta property=\"og:type\" content=\"article\" \/>\n<meta property=\"og:title\" content=\"Gro\u00dfglockner mit Bergf\u00fchrer - Lechtal Alpin\" \/>\n<meta property=\"og:description\" content=\"Mit Ski auf den h\u00f6chsten Berg von \u00d6sterreich, den Gro\u00dfglockner 3.798 m. Ein absolutes Highlight f\u00fcr alle begeisterten Skibergsteiger\" \/>\n<meta property=\"og:url\" content=\"https:\/\/lechtal-alpin.at\/index.php\/grossglockner-2\/\" \/>\n<meta property=\"og:site_name\" content=\"Lechtal Alpin\" \/>\n<meta property=\"article:modified_time\" content=\"2026-04-10T09:13:13+00:00\" \/>\n<meta property=\"og:image\" content=\"https:\/\/lechtal-alpin.at\/wp-content\/uploads\/2026\/02\/Lechtal_Alpin_BEITRAG_Ski_Hochtour_Grossglocknere.jpg\" \/>\n\t<meta property=\"og:image:width\" content=\"1800\" \/>\n\t<meta property=\"og:image:height\" content=\"1000\" \/>\n\t<meta property=\"og:image:type\" content=\"image\/jpeg\" \/>\n<meta name=\"twitter:card\" content=\"summary_large_image\" \/>\n<meta name=\"twitter:label1\" content=\"Gesch\u00e4tzte Lesezeit\" \/>\n\t<meta name=\"twitter:data1\" content=\"2 Minuten\" \/>\n<script type=\"application\/ld+json\" class=\"yoast-schema-graph\">{\"@context\":\"https:\\\/\\\/schema.org\",\"@graph\":[{\"@type\":\"WebPage\",\"@id\":\"https:\\\/\\\/lechtal-alpin.at\\\/index.php\\\/grossglockner-2\\\/\",\"url\":\"https:\\\/\\\/lechtal-alpin.at\\\/index.php\\\/grossglockner-2\\\/\",\"name\":\"Gro\u00dfglockner mit Bergf\u00fchrer - Lechtal Alpin\",\"isPartOf\":{\"@id\":\"https:\\\/\\\/lechtal-alpin.at\\\/#website\"},\"primaryImageOfPage\":{\"@id\":\"https:\\\/\\\/lechtal-alpin.at\\\/index.php\\\/grossglockner-2\\\/#primaryimage\"},\"image\":{\"@id\":\"https:\\\/\\\/lechtal-alpin.at\\\/index.php\\\/grossglockner-2\\\/#primaryimage\"},\"thumbnailUrl\":\"https:\\\/\\\/lechtal-alpin.at\\\/wp-content\\\/uploads\\\/2026\\\/02\\\/Lechtal_Alpin_BEITRAG_Ski_Hochtour_Grossglocknere.jpg\",\"datePublished\":\"2026-01-15T14:42:27+00:00\",\"dateModified\":\"2026-04-10T09:13:13+00:00\",\"description\":\"Mit Ski auf den h\u00f6chsten Berg von \u00d6sterreich, den Gro\u00dfglockner 3.798 m. Ein absolutes Highlight f\u00fcr alle begeisterten Skibergsteiger\",\"breadcrumb\":{\"@id\":\"https:\\\/\\\/lechtal-alpin.at\\\/index.php\\\/grossglockner-2\\\/#breadcrumb\"},\"inLanguage\":\"de-AT\",\"potentialAction\":[{\"@type\":\"ReadAction\",\"target\":[\"https:\\\/\\\/lechtal-alpin.at\\\/index.php\\\/grossglockner-2\\\/\"]}]},{\"@type\":\"ImageObject\",\"inLanguage\":\"de-AT\",\"@id\":\"https:\\\/\\\/lechtal-alpin.at\\\/index.php\\\/grossglockner-2\\\/#primaryimage\",\"url\":\"https:\\\/\\\/lechtal-alpin.at\\\/wp-content\\\/uploads\\\/2026\\\/02\\\/Lechtal_Alpin_BEITRAG_Ski_Hochtour_Grossglocknere.jpg\",\"contentUrl\":\"https:\\\/\\\/lechtal-alpin.at\\\/wp-content\\\/uploads\\\/2026\\\/02\\\/Lechtal_Alpin_BEITRAG_Ski_Hochtour_Grossglocknere.jpg\",\"width\":1800,\"height\":1000},{\"@type\":\"BreadcrumbList\",\"@id\":\"https:\\\/\\\/lechtal-alpin.at\\\/index.php\\\/grossglockner-2\\\/#breadcrumb\",\"itemListElement\":[{\"@type\":\"ListItem\",\"position\":1,\"name\":\"Startseite\",\"item\":\"https:\\\/\\\/lechtal-alpin.at\\\/\"},{\"@type\":\"ListItem\",\"position\":2,\"name\":\"Gro\u00dfglockner\"}]},{\"@type\":\"WebSite\",\"@id\":\"https:\\\/\\\/lechtal-alpin.at\\\/#website\",\"url\":\"https:\\\/\\\/lechtal-alpin.at\\\/\",\"name\":\"Lechtal Alpin\",\"description\":\"\",\"publisher\":{\"@id\":\"https:\\\/\\\/lechtal-alpin.at\\\/#\\\/schema\\\/person\\\/c379d06227bea9bcc3119575c50a158d\"},\"potentialAction\":[{\"@type\":\"SearchAction\",\"target\":{\"@type\":\"EntryPoint\",\"urlTemplate\":\"https:\\\/\\\/lechtal-alpin.at\\\/?s={search_term_string}\"},\"query-input\":{\"@type\":\"PropertyValueSpecification\",\"valueRequired\":true,\"valueName\":\"search_term_string\"}}],\"inLanguage\":\"de-AT\"},{\"@type\":[\"Person\",\"Organization\"],\"@id\":\"https:\\\/\\\/lechtal-alpin.at\\\/#\\\/schema\\\/person\\\/c379d06227bea9bcc3119575c50a158d\",\"name\":\"Marvin K\u00e4rle\",\"image\":{\"@type\":\"ImageObject\",\"inLanguage\":\"de-AT\",\"@id\":\"https:\\\/\\\/lechtal-alpin.at\\\/wp-content\\\/uploads\\\/2026\\\/04\\\/Logo_Lechtal-Alpin_nur-Schrift-LA-scaled.png\",\"url\":\"https:\\\/\\\/lechtal-alpin.at\\\/wp-content\\\/uploads\\\/2026\\\/04\\\/Logo_Lechtal-Alpin_nur-Schrift-LA-scaled.png\",\"contentUrl\":\"https:\\\/\\\/lechtal-alpin.at\\\/wp-content\\\/uploads\\\/2026\\\/04\\\/Logo_Lechtal-Alpin_nur-Schrift-LA-scaled.png\",\"width\":2560,\"height\":1707,\"caption\":\"Marvin K\u00e4rle\"},\"logo\":{\"@id\":\"https:\\\/\\\/lechtal-alpin.at\\\/wp-content\\\/uploads\\\/2026\\\/04\\\/Logo_Lechtal-Alpin_nur-Schrift-LA-scaled.png\"}}]}<\/script>\n<!-- \/ Yoast SEO plugin. -->","yoast_head_json":{"title":"Gro\u00dfglockner mit Bergf\u00fchrer - Lechtal Alpin","description":"Mit Ski auf den h\u00f6chsten Berg von \u00d6sterreich, den Gro\u00dfglockner 3.798 m. Ein absolutes Highlight f\u00fcr alle begeisterten Skibergsteiger","robots":{"index":"index","follow":"follow","max-snippet":"max-snippet:-1","max-image-preview":"max-image-preview:large","max-video-preview":"max-video-preview:-1"},"canonical":"https:\/\/lechtal-alpin.at\/index.php\/grossglockner-2\/","og_locale":"de_DE","og_type":"article","og_title":"Gro\u00dfglockner mit Bergf\u00fchrer - Lechtal Alpin","og_description":"Mit Ski auf den h\u00f6chsten Berg von \u00d6sterreich, den Gro\u00dfglockner 3.798 m. Ein absolutes Highlight f\u00fcr alle begeisterten Skibergsteiger","og_url":"https:\/\/lechtal-alpin.at\/index.php\/grossglockner-2\/","og_site_name":"Lechtal Alpin","article_modified_time":"2026-04-10T09:13:13+00:00","og_image":[{"width":1800,"height":1000,"url":"https:\/\/lechtal-alpin.at\/wp-content\/uploads\/2026\/02\/Lechtal_Alpin_BEITRAG_Ski_Hochtour_Grossglocknere.jpg","type":"image\/jpeg"}],"twitter_card":"summary_large_image","twitter_misc":{"Gesch\u00e4tzte Lesezeit":"2 Minuten"},"schema":{"@context":"https:\/\/schema.org","@graph":[{"@type":"WebPage","@id":"https:\/\/lechtal-alpin.at\/index.php\/grossglockner-2\/","url":"https:\/\/lechtal-alpin.at\/index.php\/grossglockner-2\/","name":"Gro\u00dfglockner mit Bergf\u00fchrer - Lechtal Alpin","isPartOf":{"@id":"https:\/\/lechtal-alpin.at\/#website"},"primaryImageOfPage":{"@id":"https:\/\/lechtal-alpin.at\/index.php\/grossglockner-2\/#primaryimage"},"image":{"@id":"https:\/\/lechtal-alpin.at\/index.php\/grossglockner-2\/#primaryimage"},"thumbnailUrl":"https:\/\/lechtal-alpin.at\/wp-content\/uploads\/2026\/02\/Lechtal_Alpin_BEITRAG_Ski_Hochtour_Grossglocknere.jpg","datePublished":"2026-01-15T14:42:27+00:00","dateModified":"2026-04-10T09:13:13+00:00","description":"Mit Ski auf den h\u00f6chsten Berg von \u00d6sterreich, den Gro\u00dfglockner 3.798 m. Ein absolutes Highlight f\u00fcr alle begeisterten Skibergsteiger","breadcrumb":{"@id":"https:\/\/lechtal-alpin.at\/index.php\/grossglockner-2\/#breadcrumb"},"inLanguage":"de-AT","potentialAction":[{"@type":"ReadAction","target":["https:\/\/lechtal-alpin.at\/index.php\/grossglockner-2\/"]}]},{"@type":"ImageObject","inLanguage":"de-AT","@id":"https:\/\/lechtal-alpin.at\/index.php\/grossglockner-2\/#primaryimage","url":"https:\/\/lechtal-alpin.at\/wp-content\/uploads\/2026\/02\/Lechtal_Alpin_BEITRAG_Ski_Hochtour_Grossglocknere.jpg","contentUrl":"https:\/\/lechtal-alpin.at\/wp-content\/uploads\/2026\/02\/Lechtal_Alpin_BEITRAG_Ski_Hochtour_Grossglocknere.jpg","width":1800,"height":1000},{"@type":"BreadcrumbList","@id":"https:\/\/lechtal-alpin.at\/index.php\/grossglockner-2\/#breadcrumb","itemListElement":[{"@type":"ListItem","position":1,"name":"Startseite","item":"https:\/\/lechtal-alpin.at\/"},{"@type":"ListItem","position":2,"name":"Gro\u00dfglockner"}]},{"@type":"WebSite","@id":"https:\/\/lechtal-alpin.at\/#website","url":"https:\/\/lechtal-alpin.at\/","name":"Lechtal Alpin","description":"","publisher":{"@id":"https:\/\/lechtal-alpin.at\/#\/schema\/person\/c379d06227bea9bcc3119575c50a158d"},"potentialAction":[{"@type":"SearchAction","target":{"@type":"EntryPoint","urlTemplate":"https:\/\/lechtal-alpin.at\/?s={search_term_string}"},"query-input":{"@type":"PropertyValueSpecification","valueRequired":true,"valueName":"search_term_string"}}],"inLanguage":"de-AT"},{"@type":["Person","Organization"],"@id":"https:\/\/lechtal-alpin.at\/#\/schema\/person\/c379d06227bea9bcc3119575c50a158d","name":"Marvin K\u00e4rle","image":{"@type":"ImageObject","inLanguage":"de-AT","@id":"https:\/\/lechtal-alpin.at\/wp-content\/uploads\/2026\/04\/Logo_Lechtal-Alpin_nur-Schrift-LA-scaled.png","url":"https:\/\/lechtal-alpin.at\/wp-content\/uploads\/2026\/04\/Logo_Lechtal-Alpin_nur-Schrift-LA-scaled.png","contentUrl":"https:\/\/lechtal-alpin.at\/wp-content\/uploads\/2026\/04\/Logo_Lechtal-Alpin_nur-Schrift-LA-scaled.png","width":2560,"height":1707,"caption":"Marvin K\u00e4rle"},"logo":{"@id":"https:\/\/lechtal-alpin.at\/wp-content\/uploads\/2026\/04\/Logo_Lechtal-Alpin_nur-Schrift-LA-scaled.png"}}]}},"_links":{"self":[{"href":"https:\/\/lechtal-alpin.at\/index.php\/wp-json\/wp\/v2\/pages\/739","targetHints":{"allow":["GET"]}}],"collection":[{"href":"https:\/\/lechtal-alpin.at\/index.php\/wp-json\/wp\/v2\/pages"}],"about":[{"href":"https:\/\/lechtal-alpin.at\/index.php\/wp-json\/wp\/v2\/types\/page"}],"author":[{"embeddable":true,"href":"https:\/\/lechtal-alpin.at\/index.php\/wp-json\/wp\/v2\/users\/4"}],"replies":[{"embeddable":true,"href":"https:\/\/lechtal-alpin.at\/index.php\/wp-json\/wp\/v2\/comments?post=739"}],"version-history":[{"count":6,"href":"https:\/\/lechtal-alpin.at\/index.php\/wp-json\/wp\/v2\/pages\/739\/revisions"}],"predecessor-version":[{"id":1358,"href":"https:\/\/lechtal-alpin.at\/index.php\/wp-json\/wp\/v2\/pages\/739\/revisions\/1358"}],"wp:featuredmedia":[{"embeddable":true,"href":"https:\/\/lechtal-alpin.at\/index.php\/wp-json\/wp\/v2\/media\/1421"}],"wp:attachment":[{"href":"https:\/\/lechtal-alpin.at\/index.php\/wp-json\/wp\/v2\/media?parent=739"}],"curies":[{"name":"wp","href":"https:\/\/api.w.org\/{rel}","templated":true}]}}