{"id":711,"date":"2026-01-15T13:42:26","date_gmt":"2026-01-15T13:42:26","guid":{"rendered":"https:\/\/dev-lechtal-alpin.at\/?page_id=711"},"modified":"2026-04-10T09:11:37","modified_gmt":"2026-04-10T09:11:37","slug":"grossglockner","status":"publish","type":"page","link":"https:\/\/lechtal-alpin.at\/index.php\/grossglockner\/","title":{"rendered":"Gro\u00dfglockner"},"content":{"rendered":"<div class=\"wpb-content-wrapper\"><p>[vc_row][vc_column][vc_empty_space height=&#8220;60&#8243;][vc_row_inner equal_height=&#8220;yes&#8220; gap=&#8220;5&#8243;][vc_column_inner width=&#8220;1\/2&#8243;][\/vc_column_inner][vc_column_inner width=&#8220;1\/2&#8243; css=&#8220;.vc_custom_1769756093731{background-color: #E3E3E3 !important;background-position: center !important;background-repeat: no-repeat !important;background-size: cover !important;}&#8220;][vc_column_text css=&#8220;.vc_custom_1770371568648{margin-right: 15px !important;margin-left: 20px !important;}&#8220;]<\/p>\n<h3><strong><span style=\"color: #ae6523;\">GROSSGLOCKNER<br \/>\n<\/span><\/strong><span style=\"color: #ae6523;\">Der h\u00f6chste Berg von \u00d6sterreich<\/span><\/h3>\n<p><strong>Dauer:<\/strong> 2 Tage<br \/>\n<strong>Teilnehmer:<\/strong> 1\u20133 Personen<\/p>\n<p><strong>Ausgangsort:<\/strong> Kals<br \/>\n<strong>Schwierigkeit:<\/strong> WS, II (Normal Weg), WS, III+ (St\u00fcdlgrat)<br \/>\n<strong>Voraussetzung:<\/strong> Trittsicherheit, Schwindelfreiheit, sehr gute Kondition<\/p>\n<h4><strong><span style=\"color: #ae6523;\">Ab \u20ac 395,00 \/ pro Person<\/span><\/strong><\/h4>\n<p>[\/vc_column_text][\/vc_column_inner][\/vc_row_inner][vc_empty_space height=&#8220;60&#8243;][\/vc_column][\/vc_row][vc_row full_width=&#8220;stretch_row&#8220; css=&#8220;.vc_custom_1763991539983{background-color: #E3E3E3 !important;background-position: center !important;background-repeat: no-repeat !important;background-size: cover !important;}&#8220;][vc_column][vc_empty_space height=&#8220;20&#8243;][vc_row_inner gap=&#8220;15&#8243;][vc_column_inner width=&#8220;1\/2&#8243;][vc_column_text css=&#8220;&#8220;]<strong>Gemeinsam besteigen wir den h\u00f6chsten Berg von \u00d6sterreich, den 3798m hohen Gro\u00dfglockner. Klassisch \u00fcber den Normalweg, oder etwas ambitionierter \u00fcber den wundersch\u00f6nen St\u00fcdlgrat.<\/strong><\/p>\n<p><strong>Tag 1:<\/strong> Treffpunkt ist um ca. 12 Uhr an der St\u00fcdlh\u00fctte, zu der ihr am Vormittag (oder bereits am Tag davor) selbstst\u00e4ndig aufgestiegen seid. Nach dem Materialcheck an der H\u00fctte steigen wir gemeinsam \u00fcber das K\u00f6dnitzkees und einem leichten Grat zur Adlersruhe. Die Erzherzog-Johann H\u00fctte ist unsere Unterkunft f\u00fcr die folgende Nacht.<\/p>\n<p><strong>Tag 2: (Normalweg)<\/strong><br \/>\nBereits fr\u00fch morgens brechen wir auf und steigen \u00fcber den Gletscher und kurze Felspassagen bis zum Gipfelaufbau. \u00dcber das steile Glocknerleitl und den ausgesetzten Gipfelgrat, klettern wir bis auf den h\u00f6chsten Punkt von \u00d6sterreich. Anschlie\u00dfend steigen wir \u00fcber den gleichen Weg zur\u00fcck bis zur St\u00fcdlh\u00fctte.<\/p>\n<p><strong>Tag 2: (St\u00fcdlgrat)<\/strong><br \/>\nBereits fr\u00fch morgens brechen wir auf und steigen \u00fcber den Gletscher, vorbei am Luisengrat zum Einstieg des St\u00fcdlgrates. In anhaltender Kletterei im II und III Schwierigkeitsgrat klettern wir bis auf den h\u00f6chsten Punkt von \u00d6sterreich. Anschlie\u00dfend steigen wir \u00fcber den Normalweg bis zum Parkplatz am Lucknerhaus ab.[\/vc_column_text][\/vc_column_inner][vc_column_inner width=&#8220;1\/2&#8243;][vc_column_text css=&#8220;&#8220;]<strong>Leistung: <\/strong><br \/>\n\u2022 Planung und Organisation<br \/>\n\u2022 F\u00fchrung durch staatlich gepr\u00fcften Berg- und Skif\u00fchrer<br \/>\n\u2022 Reservierung der H\u00fctte<br \/>\n\u2022 Leihausr\u00fcstung<\/p>\n<p><strong>Zusatzkosten: <\/strong><br \/>\n\u2022 Kosten f\u00fcr An- und Abreise<br \/>\n\u2022 1x \u00dcbernachtung + HP in der H\u00fctte<br \/>\n\u2022 Bergf\u00fchrer Spesen<\/p>\n<p><strong>Preisinfo:<br \/>\n<\/strong>\u20ac 990,00 \/ Person bei 1 TN<br \/>\n\u20ac 545,00 \/ Person bei 2 TN<br \/>\n\u20ac 395,00 \/ Person bei 3 TN<\/p>\n<p>\u20ac 990,00 \/ Person bei 1 TN (St\u00fcdlgrat)<br \/>\n\u20ac 595,00 \/ Person bei 2 TN (St\u00fcdlgrat)<\/p>\n<p><strong>Unterkunft:<br \/>\n<\/strong>\u2022 <a href=\"https:\/\/www.alpenverein-muenchen-oberland.de\/huetten\/alpenvereinshuetten\/stuedlhuette\">St\u00fcdl H\u00fctte<\/a>[\/vc_column_text][vc_btn title=&#8220;JETZT ANFRAGEN&#8220; style=&#8220;outline-custom&#8220; outline_custom_color=&#8220;#AE6523&#8243; outline_custom_hover_background=&#8220;#AE6523&#8243; shape=&#8220;square&#8220; align=&#8220;left&#8220; css=&#8220;&#8220; link=&#8220;url:mailto%3Amarvin%40lechtal-alpin.at%3Fsubject%3DAnfrage%20Hochtouren-Gro%C3%9Fglockner&#8220;][\/vc_column_inner][\/vc_row_inner][vc_empty_space height=&#8220;20&#8243;][\/vc_column][\/vc_row]<\/p>\n<\/div>","protected":false},"excerpt":{"rendered":"<p>[vc_row][vc_column][vc_empty_space height=&#8220;60&#8243;][vc_row_inner equal_height=&#8220;yes&#8220; gap=&#8220;5&#8243;][vc_column_inner width=&#8220;1\/2&#8243;][\/vc_column_inner][vc_column_inner width=&#8220;1\/2&#8243; css=&#8220;.vc_custom_1769756093731{background-color: #E3E3E3 !important;background-position: center !important;background-repeat: no-repeat !important;background-size: cover !important;}&#8220;][vc_column_text css=&#8220;.vc_custom_1770371568648{margin-right: 15px !important;margin-left: 20px !important;}&#8220;] GROSSGLOCKNER Der h\u00f6chste Berg von \u00d6sterreich Dauer: 2 Tage Teilnehmer: 1\u20133 Personen Ausgangsort: Kals Schwierigkeit: WS, II (Normal Weg), WS, III+ (St\u00fcdlgrat) Voraussetzung: Trittsicherheit, Schwindelfreiheit, sehr gute Kondition Ab \u20ac [&hellip;]<\/p>\n","protected":false},"author":4,"featured_media":1412,"parent":0,"menu_order":0,"comment_status":"closed","ping_status":"closed","template":"","meta":{"inspiro_page_layout":"narrow","inspiro_hide_title":false,"footnotes":""},"class_list":["post-711","page","type-page","status-publish","has-post-thumbnail","hentry"],"yoast_head":"<!-- This site is optimized with the Yoast SEO plugin v27.3 - https:\/\/yoast.com\/product\/yoast-seo-wordpress\/ -->\n<title>Gro\u00dfglockner mit Bergf\u00fchrer - Lechtal Alpin<\/title>\n<meta name=\"description\" content=\"Gemeinsam besteigen wir den h\u00f6chsten Berg von \u00d6sterreich, den 3798m hohen Gro\u00dfglockner. Klassisch \u00fcber den Normalweg, oder etwas ambitionierter \u00fcber den wundersch\u00f6nen St\u00fcdlgrat.\" \/>\n<meta name=\"robots\" content=\"index, follow, max-snippet:-1, max-image-preview:large, max-video-preview:-1\" \/>\n<link rel=\"canonical\" href=\"https:\/\/lechtal-alpin.at\/index.php\/grossglockner\/\" \/>\n<meta property=\"og:locale\" content=\"de_DE\" \/>\n<meta property=\"og:type\" content=\"article\" \/>\n<meta property=\"og:title\" content=\"Gro\u00dfglockner mit Bergf\u00fchrer - Lechtal Alpin\" \/>\n<meta property=\"og:description\" content=\"Gemeinsam besteigen wir den h\u00f6chsten Berg von \u00d6sterreich, den 3798m hohen Gro\u00dfglockner. Klassisch \u00fcber den Normalweg, oder etwas ambitionierter \u00fcber den wundersch\u00f6nen St\u00fcdlgrat.\" \/>\n<meta property=\"og:url\" content=\"https:\/\/lechtal-alpin.at\/index.php\/grossglockner\/\" \/>\n<meta property=\"og:site_name\" content=\"Lechtal Alpin\" \/>\n<meta property=\"article:modified_time\" content=\"2026-04-10T09:11:37+00:00\" \/>\n<meta property=\"og:image\" content=\"https:\/\/lechtal-alpin.at\/wp-content\/uploads\/2026\/02\/Lechtal_Alpin_BEITRAG_Grossglockner_Hochtouren.jpg\" \/>\n\t<meta property=\"og:image:width\" content=\"1800\" \/>\n\t<meta property=\"og:image:height\" content=\"1000\" \/>\n\t<meta property=\"og:image:type\" content=\"image\/jpeg\" \/>\n<meta name=\"twitter:card\" content=\"summary_large_image\" \/>\n<meta name=\"twitter:label1\" content=\"Gesch\u00e4tzte Lesezeit\" \/>\n\t<meta name=\"twitter:data1\" content=\"3 Minuten\" \/>\n<script type=\"application\/ld+json\" class=\"yoast-schema-graph\">{\"@context\":\"https:\\\/\\\/schema.org\",\"@graph\":[{\"@type\":\"WebPage\",\"@id\":\"https:\\\/\\\/lechtal-alpin.at\\\/index.php\\\/grossglockner\\\/\",\"url\":\"https:\\\/\\\/lechtal-alpin.at\\\/index.php\\\/grossglockner\\\/\",\"name\":\"Gro\u00dfglockner mit Bergf\u00fchrer - Lechtal Alpin\",\"isPartOf\":{\"@id\":\"https:\\\/\\\/lechtal-alpin.at\\\/#website\"},\"primaryImageOfPage\":{\"@id\":\"https:\\\/\\\/lechtal-alpin.at\\\/index.php\\\/grossglockner\\\/#primaryimage\"},\"image\":{\"@id\":\"https:\\\/\\\/lechtal-alpin.at\\\/index.php\\\/grossglockner\\\/#primaryimage\"},\"thumbnailUrl\":\"https:\\\/\\\/lechtal-alpin.at\\\/wp-content\\\/uploads\\\/2026\\\/02\\\/Lechtal_Alpin_BEITRAG_Grossglockner_Hochtouren.jpg\",\"datePublished\":\"2026-01-15T13:42:26+00:00\",\"dateModified\":\"2026-04-10T09:11:37+00:00\",\"description\":\"Gemeinsam besteigen wir den h\u00f6chsten Berg von \u00d6sterreich, den 3798m hohen Gro\u00dfglockner. Klassisch \u00fcber den Normalweg, oder etwas ambitionierter \u00fcber den wundersch\u00f6nen St\u00fcdlgrat.\",\"breadcrumb\":{\"@id\":\"https:\\\/\\\/lechtal-alpin.at\\\/index.php\\\/grossglockner\\\/#breadcrumb\"},\"inLanguage\":\"de-AT\",\"potentialAction\":[{\"@type\":\"ReadAction\",\"target\":[\"https:\\\/\\\/lechtal-alpin.at\\\/index.php\\\/grossglockner\\\/\"]}]},{\"@type\":\"ImageObject\",\"inLanguage\":\"de-AT\",\"@id\":\"https:\\\/\\\/lechtal-alpin.at\\\/index.php\\\/grossglockner\\\/#primaryimage\",\"url\":\"https:\\\/\\\/lechtal-alpin.at\\\/wp-content\\\/uploads\\\/2026\\\/02\\\/Lechtal_Alpin_BEITRAG_Grossglockner_Hochtouren.jpg\",\"contentUrl\":\"https:\\\/\\\/lechtal-alpin.at\\\/wp-content\\\/uploads\\\/2026\\\/02\\\/Lechtal_Alpin_BEITRAG_Grossglockner_Hochtouren.jpg\",\"width\":1800,\"height\":1000},{\"@type\":\"BreadcrumbList\",\"@id\":\"https:\\\/\\\/lechtal-alpin.at\\\/index.php\\\/grossglockner\\\/#breadcrumb\",\"itemListElement\":[{\"@type\":\"ListItem\",\"position\":1,\"name\":\"Startseite\",\"item\":\"https:\\\/\\\/lechtal-alpin.at\\\/\"},{\"@type\":\"ListItem\",\"position\":2,\"name\":\"Gro\u00dfglockner\"}]},{\"@type\":\"WebSite\",\"@id\":\"https:\\\/\\\/lechtal-alpin.at\\\/#website\",\"url\":\"https:\\\/\\\/lechtal-alpin.at\\\/\",\"name\":\"Lechtal Alpin\",\"description\":\"\",\"publisher\":{\"@id\":\"https:\\\/\\\/lechtal-alpin.at\\\/#\\\/schema\\\/person\\\/c379d06227bea9bcc3119575c50a158d\"},\"potentialAction\":[{\"@type\":\"SearchAction\",\"target\":{\"@type\":\"EntryPoint\",\"urlTemplate\":\"https:\\\/\\\/lechtal-alpin.at\\\/?s={search_term_string}\"},\"query-input\":{\"@type\":\"PropertyValueSpecification\",\"valueRequired\":true,\"valueName\":\"search_term_string\"}}],\"inLanguage\":\"de-AT\"},{\"@type\":[\"Person\",\"Organization\"],\"@id\":\"https:\\\/\\\/lechtal-alpin.at\\\/#\\\/schema\\\/person\\\/c379d06227bea9bcc3119575c50a158d\",\"name\":\"Marvin K\u00e4rle\",\"image\":{\"@type\":\"ImageObject\",\"inLanguage\":\"de-AT\",\"@id\":\"https:\\\/\\\/lechtal-alpin.at\\\/wp-content\\\/uploads\\\/2026\\\/04\\\/Logo_Lechtal-Alpin_nur-Schrift-LA-scaled.png\",\"url\":\"https:\\\/\\\/lechtal-alpin.at\\\/wp-content\\\/uploads\\\/2026\\\/04\\\/Logo_Lechtal-Alpin_nur-Schrift-LA-scaled.png\",\"contentUrl\":\"https:\\\/\\\/lechtal-alpin.at\\\/wp-content\\\/uploads\\\/2026\\\/04\\\/Logo_Lechtal-Alpin_nur-Schrift-LA-scaled.png\",\"width\":2560,\"height\":1707,\"caption\":\"Marvin K\u00e4rle\"},\"logo\":{\"@id\":\"https:\\\/\\\/lechtal-alpin.at\\\/wp-content\\\/uploads\\\/2026\\\/04\\\/Logo_Lechtal-Alpin_nur-Schrift-LA-scaled.png\"}}]}<\/script>\n<!-- \/ Yoast SEO plugin. -->","yoast_head_json":{"title":"Gro\u00dfglockner mit Bergf\u00fchrer - Lechtal Alpin","description":"Gemeinsam besteigen wir den h\u00f6chsten Berg von \u00d6sterreich, den 3798m hohen Gro\u00dfglockner. Klassisch \u00fcber den Normalweg, oder etwas ambitionierter \u00fcber den wundersch\u00f6nen St\u00fcdlgrat.","robots":{"index":"index","follow":"follow","max-snippet":"max-snippet:-1","max-image-preview":"max-image-preview:large","max-video-preview":"max-video-preview:-1"},"canonical":"https:\/\/lechtal-alpin.at\/index.php\/grossglockner\/","og_locale":"de_DE","og_type":"article","og_title":"Gro\u00dfglockner mit Bergf\u00fchrer - Lechtal Alpin","og_description":"Gemeinsam besteigen wir den h\u00f6chsten Berg von \u00d6sterreich, den 3798m hohen Gro\u00dfglockner. Klassisch \u00fcber den Normalweg, oder etwas ambitionierter \u00fcber den wundersch\u00f6nen St\u00fcdlgrat.","og_url":"https:\/\/lechtal-alpin.at\/index.php\/grossglockner\/","og_site_name":"Lechtal Alpin","article_modified_time":"2026-04-10T09:11:37+00:00","og_image":[{"width":1800,"height":1000,"url":"https:\/\/lechtal-alpin.at\/wp-content\/uploads\/2026\/02\/Lechtal_Alpin_BEITRAG_Grossglockner_Hochtouren.jpg","type":"image\/jpeg"}],"twitter_card":"summary_large_image","twitter_misc":{"Gesch\u00e4tzte Lesezeit":"3 Minuten"},"schema":{"@context":"https:\/\/schema.org","@graph":[{"@type":"WebPage","@id":"https:\/\/lechtal-alpin.at\/index.php\/grossglockner\/","url":"https:\/\/lechtal-alpin.at\/index.php\/grossglockner\/","name":"Gro\u00dfglockner mit Bergf\u00fchrer - Lechtal Alpin","isPartOf":{"@id":"https:\/\/lechtal-alpin.at\/#website"},"primaryImageOfPage":{"@id":"https:\/\/lechtal-alpin.at\/index.php\/grossglockner\/#primaryimage"},"image":{"@id":"https:\/\/lechtal-alpin.at\/index.php\/grossglockner\/#primaryimage"},"thumbnailUrl":"https:\/\/lechtal-alpin.at\/wp-content\/uploads\/2026\/02\/Lechtal_Alpin_BEITRAG_Grossglockner_Hochtouren.jpg","datePublished":"2026-01-15T13:42:26+00:00","dateModified":"2026-04-10T09:11:37+00:00","description":"Gemeinsam besteigen wir den h\u00f6chsten Berg von \u00d6sterreich, den 3798m hohen Gro\u00dfglockner. Klassisch \u00fcber den Normalweg, oder etwas ambitionierter \u00fcber den wundersch\u00f6nen St\u00fcdlgrat.","breadcrumb":{"@id":"https:\/\/lechtal-alpin.at\/index.php\/grossglockner\/#breadcrumb"},"inLanguage":"de-AT","potentialAction":[{"@type":"ReadAction","target":["https:\/\/lechtal-alpin.at\/index.php\/grossglockner\/"]}]},{"@type":"ImageObject","inLanguage":"de-AT","@id":"https:\/\/lechtal-alpin.at\/index.php\/grossglockner\/#primaryimage","url":"https:\/\/lechtal-alpin.at\/wp-content\/uploads\/2026\/02\/Lechtal_Alpin_BEITRAG_Grossglockner_Hochtouren.jpg","contentUrl":"https:\/\/lechtal-alpin.at\/wp-content\/uploads\/2026\/02\/Lechtal_Alpin_BEITRAG_Grossglockner_Hochtouren.jpg","width":1800,"height":1000},{"@type":"BreadcrumbList","@id":"https:\/\/lechtal-alpin.at\/index.php\/grossglockner\/#breadcrumb","itemListElement":[{"@type":"ListItem","position":1,"name":"Startseite","item":"https:\/\/lechtal-alpin.at\/"},{"@type":"ListItem","position":2,"name":"Gro\u00dfglockner"}]},{"@type":"WebSite","@id":"https:\/\/lechtal-alpin.at\/#website","url":"https:\/\/lechtal-alpin.at\/","name":"Lechtal Alpin","description":"","publisher":{"@id":"https:\/\/lechtal-alpin.at\/#\/schema\/person\/c379d06227bea9bcc3119575c50a158d"},"potentialAction":[{"@type":"SearchAction","target":{"@type":"EntryPoint","urlTemplate":"https:\/\/lechtal-alpin.at\/?s={search_term_string}"},"query-input":{"@type":"PropertyValueSpecification","valueRequired":true,"valueName":"search_term_string"}}],"inLanguage":"de-AT"},{"@type":["Person","Organization"],"@id":"https:\/\/lechtal-alpin.at\/#\/schema\/person\/c379d06227bea9bcc3119575c50a158d","name":"Marvin K\u00e4rle","image":{"@type":"ImageObject","inLanguage":"de-AT","@id":"https:\/\/lechtal-alpin.at\/wp-content\/uploads\/2026\/04\/Logo_Lechtal-Alpin_nur-Schrift-LA-scaled.png","url":"https:\/\/lechtal-alpin.at\/wp-content\/uploads\/2026\/04\/Logo_Lechtal-Alpin_nur-Schrift-LA-scaled.png","contentUrl":"https:\/\/lechtal-alpin.at\/wp-content\/uploads\/2026\/04\/Logo_Lechtal-Alpin_nur-Schrift-LA-scaled.png","width":2560,"height":1707,"caption":"Marvin K\u00e4rle"},"logo":{"@id":"https:\/\/lechtal-alpin.at\/wp-content\/uploads\/2026\/04\/Logo_Lechtal-Alpin_nur-Schrift-LA-scaled.png"}}]}},"_links":{"self":[{"href":"https:\/\/lechtal-alpin.at\/index.php\/wp-json\/wp\/v2\/pages\/711","targetHints":{"allow":["GET"]}}],"collection":[{"href":"https:\/\/lechtal-alpin.at\/index.php\/wp-json\/wp\/v2\/pages"}],"about":[{"href":"https:\/\/lechtal-alpin.at\/index.php\/wp-json\/wp\/v2\/types\/page"}],"author":[{"embeddable":true,"href":"https:\/\/lechtal-alpin.at\/index.php\/wp-json\/wp\/v2\/users\/4"}],"replies":[{"embeddable":true,"href":"https:\/\/lechtal-alpin.at\/index.php\/wp-json\/wp\/v2\/comments?post=711"}],"version-history":[{"count":8,"href":"https:\/\/lechtal-alpin.at\/index.php\/wp-json\/wp\/v2\/pages\/711\/revisions"}],"predecessor-version":[{"id":1376,"href":"https:\/\/lechtal-alpin.at\/index.php\/wp-json\/wp\/v2\/pages\/711\/revisions\/1376"}],"wp:featuredmedia":[{"embeddable":true,"href":"https:\/\/lechtal-alpin.at\/index.php\/wp-json\/wp\/v2\/media\/1412"}],"wp:attachment":[{"href":"https:\/\/lechtal-alpin.at\/index.php\/wp-json\/wp\/v2\/media?parent=711"}],"curies":[{"name":"wp","href":"https:\/\/api.w.org\/{rel}","templated":true}]}}