{"id":708,"date":"2026-01-15T13:35:15","date_gmt":"2026-01-15T13:35:15","guid":{"rendered":"https:\/\/dev-lechtal-alpin.at\/?page_id=708"},"modified":"2026-04-10T11:54:44","modified_gmt":"2026-04-10T11:54:44","slug":"wildspitze","status":"publish","type":"page","link":"https:\/\/lechtal-alpin.at\/index.php\/wildspitze\/","title":{"rendered":"Wildspitze"},"content":{"rendered":"<div class=\"wpb-content-wrapper\"><p>[vc_row][vc_column][vc_empty_space height=&#8220;60&#8243;][vc_row_inner equal_height=&#8220;yes&#8220; gap=&#8220;5&#8243;][vc_column_inner width=&#8220;1\/2&#8243;][\/vc_column_inner][vc_column_inner width=&#8220;1\/2&#8243; css=&#8220;.vc_custom_1769756093731{background-color: #E3E3E3 !important;background-position: center !important;background-repeat: no-repeat !important;background-size: cover !important;}&#8220;][vc_column_text css=&#8220;.vc_custom_1770371387771{margin-right: 15px !important;margin-left: 20px !important;}&#8220;]<\/p>\n<h3><strong><span style=\"color: #ae6523;\">WILDSPITZE<br \/>\n<\/span><\/strong><span style=\"color: #ae6523;\">Der h\u00f6chste Berg Tirols<\/span><\/h3>\n<p><strong>Dauer:<\/strong> 2 Tage<br \/>\n<strong>Teilnehmer:<\/strong> 1\u20135 Personen<\/p>\n<p><strong>Ausgangsort:<\/strong> Vent<br \/>\n<strong>Schwierigkeit:<\/strong> WS, II<br \/>\n<strong>Voraussetzung:<\/strong> Trittsicherheit, Schwindelfreiheit, gute Kondition<\/p>\n<h4><strong><span style=\"color: #ae6523;\">Ab \u20ac 280,00 \/ pro Person<\/span><\/strong><\/h4>\n<p>[\/vc_column_text][\/vc_column_inner][\/vc_row_inner][vc_empty_space height=&#8220;60&#8243;][\/vc_column][\/vc_row][vc_row full_width=&#8220;stretch_row&#8220; css=&#8220;.vc_custom_1763991539983{background-color: #E3E3E3 !important;background-position: center !important;background-repeat: no-repeat !important;background-size: cover !important;}&#8220;][vc_column][vc_empty_space height=&#8220;20&#8243;][vc_row_inner gap=&#8220;15&#8243;][vc_column_inner width=&#8220;1\/2&#8243;][vc_column_text css=&#8220;&#8220;]<strong>Gemeinsam besteigen wir den h\u00f6chsten Berg von Tirol, die Wildspitze. Eine wundersch\u00f6ne Hochtour auf das Dach Tirols.<\/strong><\/p>\n<p><strong>Tag 1:<\/strong> Nach der eigenst\u00e4ndigen Anreise treffen wir uns um 9:00 Uhr in Vent. Nach dem Ausr\u00fcstungscheck fahren wir mit dem Sessellift nach oben, damit verk\u00fcrzen wir uns den Zustieg zu Start unserer Eingeh Tour. Wir steigen gemeinsam auf das \u201eWilde Mannle\u201c und \u00dcberschreiten dieses. Anschlie\u00dfend \u00fcberqueren wir den Rofenkarferner um den Umgang mit den Steigeisen zu \u00dcben. Von dort folgt der Abstieg zur Breslauer H\u00fctte, unsere Unterkunft f\u00fcr die kommende Nacht.<\/p>\n<p><strong>Tag 2:<\/strong> Bereits fr\u00fch morgens brechen wir auf und steigen \u00fcber den Mitterkarferner und den neuen Klettersteig auf das Mitterkarjoch. Vom Joch geht es nun, auf der Pitztaler Seite, \u00fcber den Gletscher bis zum Fr\u00fchst\u00fccksplatz um von dort in leichter Blockkletterei auf den wundersch\u00f6nen Gipfel zu gelangen. Abstieg erfolgt wie Aufstieg, bei guten Verh\u00e4ltnissen steigen wir \u00fcber den Rofenkarferner ab.[\/vc_column_text][\/vc_column_inner][vc_column_inner width=&#8220;1\/2&#8243;][vc_column_text css=&#8220;&#8220;]<strong>Leistung: <\/strong><br \/>\n\u2022 Planung und Organisation<br \/>\n\u2022 F\u00fchrung durch staatlich gepr\u00fcften Berg- und Skif\u00fchrer<br \/>\n\u2022 Reservierung der H\u00fctte<br \/>\n\u2022 Leihausr\u00fcstung<\/p>\n<p><strong>Zusatzkosten: <\/strong><br \/>\n\u2022 Kosten f\u00fcr An- und Abreise<br \/>\n\u2022 2x Ben\u00fctzung der Bergbahn<br \/>\n\u2022 1x \u00dcbernachtung + HP in der H\u00fctte<br \/>\n\u2022 Bergf\u00fchrer Spesen<\/p>\n<p><strong>Preisinfo:<br \/>\n<\/strong>\u20ac 280,00 \/ Person bei 5 TN<br \/>\n\u20ac 325,00 \/ Person bei 4 TN<br \/>\n\u20ac 395,00 \/ Person bei 3 TN<br \/>\n\u20ac 545,00 \/ Person bei 2 TN<br \/>\n\u20ac 990,00 \/ Person bei 1 TN<\/p>\n<p><strong>Unterkunft:<\/strong><br \/>\n\u2022 <a href=\"https:\/\/www.breslauerhuette.at\/index.php\/de\/\">Breslauer H\u00fctte<\/a>[\/vc_column_text][vc_btn title=&#8220;JETZT ANFRAGEN&#8220; style=&#8220;outline-custom&#8220; outline_custom_color=&#8220;#AE6523&#8243; outline_custom_hover_background=&#8220;#AE6523&#8243; shape=&#8220;square&#8220; align=&#8220;left&#8220; css=&#8220;&#8220; link=&#8220;url:mailto%3Amarvin%40lechtal-alpin.at%3Fsubject%3DAnfrage%20Hochtouren-Wildspitze&#8220;][\/vc_column_inner][\/vc_row_inner][vc_empty_space height=&#8220;20&#8243;][\/vc_column][\/vc_row]<\/p>\n<\/div>","protected":false},"excerpt":{"rendered":"<p>[vc_row][vc_column][vc_empty_space height=&#8220;60&#8243;][vc_row_inner equal_height=&#8220;yes&#8220; gap=&#8220;5&#8243;][vc_column_inner width=&#8220;1\/2&#8243;][\/vc_column_inner][vc_column_inner width=&#8220;1\/2&#8243; css=&#8220;.vc_custom_1769756093731{background-color: #E3E3E3 !important;background-position: center !important;background-repeat: no-repeat !important;background-size: cover !important;}&#8220;][vc_column_text css=&#8220;.vc_custom_1770371387771{margin-right: 15px !important;margin-left: 20px !important;}&#8220;] WILDSPITZE Der h\u00f6chste Berg Tirols Dauer: 2 Tage Teilnehmer: 1\u20135 Personen Ausgangsort: Vent Schwierigkeit: WS, II Voraussetzung: Trittsicherheit, Schwindelfreiheit, gute Kondition Ab \u20ac 280,00 \/ pro Person [\/vc_column_text][\/vc_column_inner][\/vc_row_inner][vc_empty_space height=&#8220;60&#8243;][\/vc_column][\/vc_row][vc_row full_width=&#8220;stretch_row&#8220; [&hellip;]<\/p>\n","protected":false},"author":4,"featured_media":1411,"parent":0,"menu_order":0,"comment_status":"closed","ping_status":"closed","template":"","meta":{"inspiro_page_layout":"narrow","inspiro_hide_title":false,"footnotes":""},"class_list":["post-708","page","type-page","status-publish","has-post-thumbnail","hentry"],"yoast_head":"<!-- This site is optimized with the Yoast SEO plugin v27.3 - https:\/\/yoast.com\/product\/yoast-seo-wordpress\/ -->\n<title>Wildspitze mit Bergf\u00fchrer - Lechtal Alpin<\/title>\n<meta name=\"description\" content=\"Gemeinsam besteigen wir den h\u00f6chsten Berg von Tirol, die Wildspitze. Eine wundersch\u00f6ne Hochtour auf das Dach Tirols. Mit erfahrenem Bergf\u00fchrer\" \/>\n<meta name=\"robots\" content=\"index, follow, max-snippet:-1, max-image-preview:large, max-video-preview:-1\" \/>\n<link rel=\"canonical\" href=\"https:\/\/lechtal-alpin.at\/index.php\/wildspitze\/\" \/>\n<meta property=\"og:locale\" content=\"de_DE\" \/>\n<meta property=\"og:type\" content=\"article\" \/>\n<meta property=\"og:title\" content=\"Wildspitze mit Bergf\u00fchrer - Lechtal Alpin\" \/>\n<meta property=\"og:description\" content=\"Gemeinsam besteigen wir den h\u00f6chsten Berg von Tirol, die Wildspitze. Eine wundersch\u00f6ne Hochtour auf das Dach Tirols. Mit erfahrenem Bergf\u00fchrer\" \/>\n<meta property=\"og:url\" content=\"https:\/\/lechtal-alpin.at\/index.php\/wildspitze\/\" \/>\n<meta property=\"og:site_name\" content=\"Lechtal Alpin\" \/>\n<meta property=\"article:modified_time\" content=\"2026-04-10T11:54:44+00:00\" \/>\n<meta property=\"og:image\" content=\"https:\/\/lechtal-alpin.at\/wp-content\/uploads\/2026\/02\/Lechtal_Alpin_BEITRAG_Wildspitze_Hochtouren.jpg\" \/>\n\t<meta property=\"og:image:width\" content=\"1800\" \/>\n\t<meta property=\"og:image:height\" content=\"1000\" \/>\n\t<meta property=\"og:image:type\" content=\"image\/jpeg\" \/>\n<meta name=\"twitter:card\" content=\"summary_large_image\" \/>\n<meta name=\"twitter:label1\" content=\"Gesch\u00e4tzte Lesezeit\" \/>\n\t<meta name=\"twitter:data1\" content=\"2 Minuten\" \/>\n<script type=\"application\/ld+json\" class=\"yoast-schema-graph\">{\"@context\":\"https:\\\/\\\/schema.org\",\"@graph\":[{\"@type\":\"WebPage\",\"@id\":\"https:\\\/\\\/lechtal-alpin.at\\\/index.php\\\/wildspitze\\\/\",\"url\":\"https:\\\/\\\/lechtal-alpin.at\\\/index.php\\\/wildspitze\\\/\",\"name\":\"Wildspitze mit Bergf\u00fchrer - Lechtal Alpin\",\"isPartOf\":{\"@id\":\"https:\\\/\\\/lechtal-alpin.at\\\/#website\"},\"primaryImageOfPage\":{\"@id\":\"https:\\\/\\\/lechtal-alpin.at\\\/index.php\\\/wildspitze\\\/#primaryimage\"},\"image\":{\"@id\":\"https:\\\/\\\/lechtal-alpin.at\\\/index.php\\\/wildspitze\\\/#primaryimage\"},\"thumbnailUrl\":\"https:\\\/\\\/lechtal-alpin.at\\\/wp-content\\\/uploads\\\/2026\\\/02\\\/Lechtal_Alpin_BEITRAG_Wildspitze_Hochtouren.jpg\",\"datePublished\":\"2026-01-15T13:35:15+00:00\",\"dateModified\":\"2026-04-10T11:54:44+00:00\",\"description\":\"Gemeinsam besteigen wir den h\u00f6chsten Berg von Tirol, die Wildspitze. Eine wundersch\u00f6ne Hochtour auf das Dach Tirols. Mit erfahrenem Bergf\u00fchrer\",\"breadcrumb\":{\"@id\":\"https:\\\/\\\/lechtal-alpin.at\\\/index.php\\\/wildspitze\\\/#breadcrumb\"},\"inLanguage\":\"de-AT\",\"potentialAction\":[{\"@type\":\"ReadAction\",\"target\":[\"https:\\\/\\\/lechtal-alpin.at\\\/index.php\\\/wildspitze\\\/\"]}]},{\"@type\":\"ImageObject\",\"inLanguage\":\"de-AT\",\"@id\":\"https:\\\/\\\/lechtal-alpin.at\\\/index.php\\\/wildspitze\\\/#primaryimage\",\"url\":\"https:\\\/\\\/lechtal-alpin.at\\\/wp-content\\\/uploads\\\/2026\\\/02\\\/Lechtal_Alpin_BEITRAG_Wildspitze_Hochtouren.jpg\",\"contentUrl\":\"https:\\\/\\\/lechtal-alpin.at\\\/wp-content\\\/uploads\\\/2026\\\/02\\\/Lechtal_Alpin_BEITRAG_Wildspitze_Hochtouren.jpg\",\"width\":1800,\"height\":1000},{\"@type\":\"BreadcrumbList\",\"@id\":\"https:\\\/\\\/lechtal-alpin.at\\\/index.php\\\/wildspitze\\\/#breadcrumb\",\"itemListElement\":[{\"@type\":\"ListItem\",\"position\":1,\"name\":\"Startseite\",\"item\":\"https:\\\/\\\/lechtal-alpin.at\\\/\"},{\"@type\":\"ListItem\",\"position\":2,\"name\":\"Wildspitze\"}]},{\"@type\":\"WebSite\",\"@id\":\"https:\\\/\\\/lechtal-alpin.at\\\/#website\",\"url\":\"https:\\\/\\\/lechtal-alpin.at\\\/\",\"name\":\"Lechtal Alpin\",\"description\":\"\",\"publisher\":{\"@id\":\"https:\\\/\\\/lechtal-alpin.at\\\/#\\\/schema\\\/person\\\/c379d06227bea9bcc3119575c50a158d\"},\"potentialAction\":[{\"@type\":\"SearchAction\",\"target\":{\"@type\":\"EntryPoint\",\"urlTemplate\":\"https:\\\/\\\/lechtal-alpin.at\\\/?s={search_term_string}\"},\"query-input\":{\"@type\":\"PropertyValueSpecification\",\"valueRequired\":true,\"valueName\":\"search_term_string\"}}],\"inLanguage\":\"de-AT\"},{\"@type\":[\"Person\",\"Organization\"],\"@id\":\"https:\\\/\\\/lechtal-alpin.at\\\/#\\\/schema\\\/person\\\/c379d06227bea9bcc3119575c50a158d\",\"name\":\"Marvin K\u00e4rle\",\"image\":{\"@type\":\"ImageObject\",\"inLanguage\":\"de-AT\",\"@id\":\"https:\\\/\\\/lechtal-alpin.at\\\/wp-content\\\/uploads\\\/2026\\\/04\\\/Logo_Lechtal-Alpin_nur-Schrift-LA-scaled.png\",\"url\":\"https:\\\/\\\/lechtal-alpin.at\\\/wp-content\\\/uploads\\\/2026\\\/04\\\/Logo_Lechtal-Alpin_nur-Schrift-LA-scaled.png\",\"contentUrl\":\"https:\\\/\\\/lechtal-alpin.at\\\/wp-content\\\/uploads\\\/2026\\\/04\\\/Logo_Lechtal-Alpin_nur-Schrift-LA-scaled.png\",\"width\":2560,\"height\":1707,\"caption\":\"Marvin K\u00e4rle\"},\"logo\":{\"@id\":\"https:\\\/\\\/lechtal-alpin.at\\\/wp-content\\\/uploads\\\/2026\\\/04\\\/Logo_Lechtal-Alpin_nur-Schrift-LA-scaled.png\"}}]}<\/script>\n<!-- \/ Yoast SEO plugin. -->","yoast_head_json":{"title":"Wildspitze mit Bergf\u00fchrer - Lechtal Alpin","description":"Gemeinsam besteigen wir den h\u00f6chsten Berg von Tirol, die Wildspitze. Eine wundersch\u00f6ne Hochtour auf das Dach Tirols. Mit erfahrenem Bergf\u00fchrer","robots":{"index":"index","follow":"follow","max-snippet":"max-snippet:-1","max-image-preview":"max-image-preview:large","max-video-preview":"max-video-preview:-1"},"canonical":"https:\/\/lechtal-alpin.at\/index.php\/wildspitze\/","og_locale":"de_DE","og_type":"article","og_title":"Wildspitze mit Bergf\u00fchrer - Lechtal Alpin","og_description":"Gemeinsam besteigen wir den h\u00f6chsten Berg von Tirol, die Wildspitze. Eine wundersch\u00f6ne Hochtour auf das Dach Tirols. Mit erfahrenem Bergf\u00fchrer","og_url":"https:\/\/lechtal-alpin.at\/index.php\/wildspitze\/","og_site_name":"Lechtal Alpin","article_modified_time":"2026-04-10T11:54:44+00:00","og_image":[{"width":1800,"height":1000,"url":"https:\/\/lechtal-alpin.at\/wp-content\/uploads\/2026\/02\/Lechtal_Alpin_BEITRAG_Wildspitze_Hochtouren.jpg","type":"image\/jpeg"}],"twitter_card":"summary_large_image","twitter_misc":{"Gesch\u00e4tzte Lesezeit":"2 Minuten"},"schema":{"@context":"https:\/\/schema.org","@graph":[{"@type":"WebPage","@id":"https:\/\/lechtal-alpin.at\/index.php\/wildspitze\/","url":"https:\/\/lechtal-alpin.at\/index.php\/wildspitze\/","name":"Wildspitze mit Bergf\u00fchrer - Lechtal Alpin","isPartOf":{"@id":"https:\/\/lechtal-alpin.at\/#website"},"primaryImageOfPage":{"@id":"https:\/\/lechtal-alpin.at\/index.php\/wildspitze\/#primaryimage"},"image":{"@id":"https:\/\/lechtal-alpin.at\/index.php\/wildspitze\/#primaryimage"},"thumbnailUrl":"https:\/\/lechtal-alpin.at\/wp-content\/uploads\/2026\/02\/Lechtal_Alpin_BEITRAG_Wildspitze_Hochtouren.jpg","datePublished":"2026-01-15T13:35:15+00:00","dateModified":"2026-04-10T11:54:44+00:00","description":"Gemeinsam besteigen wir den h\u00f6chsten Berg von Tirol, die Wildspitze. Eine wundersch\u00f6ne Hochtour auf das Dach Tirols. Mit erfahrenem Bergf\u00fchrer","breadcrumb":{"@id":"https:\/\/lechtal-alpin.at\/index.php\/wildspitze\/#breadcrumb"},"inLanguage":"de-AT","potentialAction":[{"@type":"ReadAction","target":["https:\/\/lechtal-alpin.at\/index.php\/wildspitze\/"]}]},{"@type":"ImageObject","inLanguage":"de-AT","@id":"https:\/\/lechtal-alpin.at\/index.php\/wildspitze\/#primaryimage","url":"https:\/\/lechtal-alpin.at\/wp-content\/uploads\/2026\/02\/Lechtal_Alpin_BEITRAG_Wildspitze_Hochtouren.jpg","contentUrl":"https:\/\/lechtal-alpin.at\/wp-content\/uploads\/2026\/02\/Lechtal_Alpin_BEITRAG_Wildspitze_Hochtouren.jpg","width":1800,"height":1000},{"@type":"BreadcrumbList","@id":"https:\/\/lechtal-alpin.at\/index.php\/wildspitze\/#breadcrumb","itemListElement":[{"@type":"ListItem","position":1,"name":"Startseite","item":"https:\/\/lechtal-alpin.at\/"},{"@type":"ListItem","position":2,"name":"Wildspitze"}]},{"@type":"WebSite","@id":"https:\/\/lechtal-alpin.at\/#website","url":"https:\/\/lechtal-alpin.at\/","name":"Lechtal Alpin","description":"","publisher":{"@id":"https:\/\/lechtal-alpin.at\/#\/schema\/person\/c379d06227bea9bcc3119575c50a158d"},"potentialAction":[{"@type":"SearchAction","target":{"@type":"EntryPoint","urlTemplate":"https:\/\/lechtal-alpin.at\/?s={search_term_string}"},"query-input":{"@type":"PropertyValueSpecification","valueRequired":true,"valueName":"search_term_string"}}],"inLanguage":"de-AT"},{"@type":["Person","Organization"],"@id":"https:\/\/lechtal-alpin.at\/#\/schema\/person\/c379d06227bea9bcc3119575c50a158d","name":"Marvin K\u00e4rle","image":{"@type":"ImageObject","inLanguage":"de-AT","@id":"https:\/\/lechtal-alpin.at\/wp-content\/uploads\/2026\/04\/Logo_Lechtal-Alpin_nur-Schrift-LA-scaled.png","url":"https:\/\/lechtal-alpin.at\/wp-content\/uploads\/2026\/04\/Logo_Lechtal-Alpin_nur-Schrift-LA-scaled.png","contentUrl":"https:\/\/lechtal-alpin.at\/wp-content\/uploads\/2026\/04\/Logo_Lechtal-Alpin_nur-Schrift-LA-scaled.png","width":2560,"height":1707,"caption":"Marvin K\u00e4rle"},"logo":{"@id":"https:\/\/lechtal-alpin.at\/wp-content\/uploads\/2026\/04\/Logo_Lechtal-Alpin_nur-Schrift-LA-scaled.png"}}]}},"_links":{"self":[{"href":"https:\/\/lechtal-alpin.at\/index.php\/wp-json\/wp\/v2\/pages\/708","targetHints":{"allow":["GET"]}}],"collection":[{"href":"https:\/\/lechtal-alpin.at\/index.php\/wp-json\/wp\/v2\/pages"}],"about":[{"href":"https:\/\/lechtal-alpin.at\/index.php\/wp-json\/wp\/v2\/types\/page"}],"author":[{"embeddable":true,"href":"https:\/\/lechtal-alpin.at\/index.php\/wp-json\/wp\/v2\/users\/4"}],"replies":[{"embeddable":true,"href":"https:\/\/lechtal-alpin.at\/index.php\/wp-json\/wp\/v2\/comments?post=708"}],"version-history":[{"count":9,"href":"https:\/\/lechtal-alpin.at\/index.php\/wp-json\/wp\/v2\/pages\/708\/revisions"}],"predecessor-version":[{"id":1331,"href":"https:\/\/lechtal-alpin.at\/index.php\/wp-json\/wp\/v2\/pages\/708\/revisions\/1331"}],"wp:featuredmedia":[{"embeddable":true,"href":"https:\/\/lechtal-alpin.at\/index.php\/wp-json\/wp\/v2\/media\/1411"}],"wp:attachment":[{"href":"https:\/\/lechtal-alpin.at\/index.php\/wp-json\/wp\/v2\/media?parent=708"}],"curies":[{"name":"wp","href":"https:\/\/api.w.org\/{rel}","templated":true}]}}