{"id":515,"date":"2026-01-08T13:39:23","date_gmt":"2026-01-08T13:39:23","guid":{"rendered":"https:\/\/dev-lechtal-alpin.at\/?page_id=515"},"modified":"2026-04-10T09:34:07","modified_gmt":"2026-04-10T09:34:07","slug":"klettern-in-den-dolomiten","status":"publish","type":"page","link":"https:\/\/lechtal-alpin.at\/index.php\/klettern-in-den-dolomiten\/","title":{"rendered":"Klettern in den Dolomiten"},"content":{"rendered":"<div class=\"wpb-content-wrapper\"><p>[vc_row][vc_column][vc_empty_space height=&#8220;60&#8243;][vc_row_inner equal_height=&#8220;yes&#8220; gap=&#8220;5&#8243;][vc_column_inner width=&#8220;1\/2&#8243;][\/vc_column_inner][vc_column_inner width=&#8220;1\/2&#8243; css=&#8220;.vc_custom_1769756093731{background-color: #E3E3E3 !important;background-position: center !important;background-repeat: no-repeat !important;background-size: cover !important;}&#8220;][vc_column_text css=&#8220;.vc_custom_1772115504634{margin-right: 15px !important;margin-left: 20px !important;}&#8220;]<\/p>\n<h3><strong><span style=\"color: #ae6523;\">KLETTERN IN DEN DOLOMITEN<br \/>\n<\/span><\/strong><span style=\"color: #ae6523;\">Alpinklettern<\/span><\/h3>\n<p><strong>Dauer:<\/strong> individuell, mind. 2 Tage<br \/>\n<strong>Teilnehmer:<\/strong> 1\u20132 Personen<br \/>\n<strong>Ausgangsort: <\/strong>Dolomiten (drei Zinnen, Sellajoch, etc.)<strong><br \/>\nZustiege: <\/strong>Je nach Tour, 10min bis 1h<br \/>\n<strong>Voraussetzung:<\/strong> Sicheres Klettern im Nachstieg, Trittsicherheit, Schwindelfreiheit, gute Kondition<\/p>\n<h4><strong><span style=\"color: #ae6523;\">Ab \u20ac 320,00 \/ pro Person<\/span><\/strong><\/h4>\n<p>[\/vc_column_text][\/vc_column_inner][\/vc_row_inner][vc_empty_space height=&#8220;60&#8243;][\/vc_column][\/vc_row][vc_row full_width=&#8220;stretch_row&#8220; css=&#8220;.vc_custom_1763991539983{background-color: #E3E3E3 !important;background-position: center !important;background-repeat: no-repeat !important;background-size: cover !important;}&#8220;][vc_column][vc_empty_space height=&#8220;20&#8243;][vc_row_inner gap=&#8220;15&#8243;][vc_column_inner width=&#8220;1\/2&#8243;][vc_column_text css=&#8220;&#8220;]<strong>Klettern in den Dolomiten \u2013 Dein Abenteuer beginnt hier! Erlebe die Faszination der Dolomiten aus n\u00e4chster N\u00e4he \u2013 senkrechte W\u00e4nde, atemberaubende Gipfel und unendliche Freiheit!<\/strong><\/p>\n<p>Als erfahrener Bergf\u00fchrer begleite ich dich sicher durch die sch\u00f6nsten Kletterrouten der Welt. Ob Einsteiger oder erfahrener Alpinist \u2013 gemeinsam finden wir die perfekte Tour f\u00fcr dich. Von den legend\u00e4ren Drei Zinnen \u00fcber das Sella Massiv bis zu den stillen T\u00fcrmen des Rosengartens \u2013 jede Route erz\u00e4hlt ihre eigene Geschichte. Dieser spezielle Klettertrip wird individuell genau an deine Bed\u00fcrfnisse angepasst.[\/vc_column_text][\/vc_column_inner][vc_column_inner width=&#8220;1\/2&#8243;][vc_column_text css=&#8220;&#8220;]<strong>Leistung:<\/strong><br \/>\n\u2022 Planung und Organisation<br \/>\n\u2022 F\u00fchrung durch staatlich gepr\u00fcften Berg- und Skif\u00fchrer<br \/>\n\u2022 Reservierung der Unterkunft<br \/>\n\u2022 Leihausr\u00fcstung<\/p>\n<p><strong>Zusatzkosten:<\/strong><strong>\u00a0<\/strong><br \/>\n\u2022 Kosten f\u00fcr An- und Abreise<br \/>\n\u2022 \u00dcbernachtung + HP<br \/>\n\u2022 Bergf\u00fchrerspesen<br \/>\n\u2022 Sonstiges wie Parkgeb\u00fchren, evtl. Liftkarte, etc.<\/p>\n<p><strong>Preisinfo:<br \/>\n<\/strong>ab \u20ac 520\u20ac \/ Tag bei 1 TN<br \/>\nab \u20ac 320\u20ac \/ Tag bei 2 TN<\/p>\n<p>F\u00fcr diesen Trip erstelle ich ein individuelles Angebot[\/vc_column_text][vc_btn title=&#8220;JETZT ANFRAGEN&#8220; style=&#8220;outline-custom&#8220; outline_custom_color=&#8220;#AE6523&#8243; outline_custom_hover_background=&#8220;#AE6523&#8243; shape=&#8220;square&#8220; align=&#8220;left&#8220; css=&#8220;&#8220; link=&#8220;url:mailto%3Amarvin%40lechtal-alpin.at%3Fsubject%3DAnfrage%20Klettern-Dolomiten&#8220;][\/vc_column_inner][\/vc_row_inner][vc_empty_space height=&#8220;20&#8243;][\/vc_column][\/vc_row]<\/p>\n<\/div>","protected":false},"excerpt":{"rendered":"<p>[vc_row][vc_column][vc_empty_space height=&#8220;60&#8243;][vc_row_inner equal_height=&#8220;yes&#8220; gap=&#8220;5&#8243;][vc_column_inner width=&#8220;1\/2&#8243;][\/vc_column_inner][vc_column_inner width=&#8220;1\/2&#8243; css=&#8220;.vc_custom_1769756093731{background-color: #E3E3E3 !important;background-position: center !important;background-repeat: no-repeat !important;background-size: cover !important;}&#8220;][vc_column_text css=&#8220;.vc_custom_1772115504634{margin-right: 15px !important;margin-left: 20px !important;}&#8220;] KLETTERN IN DEN DOLOMITEN Alpinklettern Dauer: individuell, mind. 2 Tage Teilnehmer: 1\u20132 Personen Ausgangsort: Dolomiten (drei Zinnen, Sellajoch, etc.) Zustiege: Je nach Tour, 10min bis 1h Voraussetzung: Sicheres Klettern im [&hellip;]<\/p>\n","protected":false},"author":4,"featured_media":1400,"parent":0,"menu_order":0,"comment_status":"closed","ping_status":"closed","template":"","meta":{"inspiro_page_layout":"narrow","inspiro_hide_title":false,"footnotes":""},"class_list":["post-515","page","type-page","status-publish","has-post-thumbnail","hentry"],"yoast_head":"<!-- This site is optimized with the Yoast SEO plugin v27.3 - https:\/\/yoast.com\/product\/yoast-seo-wordpress\/ -->\n<title>Klettern in den Dolomiten - Lechtal Alpin<\/title>\n<meta name=\"description\" content=\"Klettern in den Dolomiten \u2013 Dein Abenteuer beginnt hier! Erlebe die Faszination der Dolomiten aus n\u00e4chster N\u00e4he \u2013 senkrechte W\u00e4nde, atemberaubende Gipfel und unendliche Freiheit!\" \/>\n<meta name=\"robots\" content=\"index, follow, max-snippet:-1, max-image-preview:large, max-video-preview:-1\" \/>\n<link rel=\"canonical\" href=\"https:\/\/lechtal-alpin.at\/index.php\/klettern-in-den-dolomiten\/\" \/>\n<meta property=\"og:locale\" content=\"de_DE\" \/>\n<meta property=\"og:type\" content=\"article\" \/>\n<meta property=\"og:title\" content=\"Klettern in den Dolomiten - Lechtal Alpin\" \/>\n<meta property=\"og:description\" content=\"Klettern in den Dolomiten \u2013 Dein Abenteuer beginnt hier! Erlebe die Faszination der Dolomiten aus n\u00e4chster N\u00e4he \u2013 senkrechte W\u00e4nde, atemberaubende Gipfel und unendliche Freiheit!\" \/>\n<meta property=\"og:url\" content=\"https:\/\/lechtal-alpin.at\/index.php\/klettern-in-den-dolomiten\/\" \/>\n<meta property=\"og:site_name\" content=\"Lechtal Alpin\" \/>\n<meta property=\"article:modified_time\" content=\"2026-04-10T09:34:07+00:00\" \/>\n<meta property=\"og:image\" content=\"https:\/\/lechtal-alpin.at\/wp-content\/uploads\/2026\/02\/Lechtal_Alpin_BEITRAG_Dolomiten_Klettern_neu.jpg\" \/>\n\t<meta property=\"og:image:width\" content=\"1800\" \/>\n\t<meta property=\"og:image:height\" content=\"1000\" \/>\n\t<meta property=\"og:image:type\" content=\"image\/jpeg\" \/>\n<meta name=\"twitter:card\" content=\"summary_large_image\" \/>\n<meta name=\"twitter:label1\" content=\"Gesch\u00e4tzte Lesezeit\" \/>\n\t<meta name=\"twitter:data1\" content=\"2 Minuten\" \/>\n<script type=\"application\/ld+json\" class=\"yoast-schema-graph\">{\"@context\":\"https:\\\/\\\/schema.org\",\"@graph\":[{\"@type\":\"WebPage\",\"@id\":\"https:\\\/\\\/lechtal-alpin.at\\\/index.php\\\/klettern-in-den-dolomiten\\\/\",\"url\":\"https:\\\/\\\/lechtal-alpin.at\\\/index.php\\\/klettern-in-den-dolomiten\\\/\",\"name\":\"Klettern in den Dolomiten - Lechtal Alpin\",\"isPartOf\":{\"@id\":\"https:\\\/\\\/lechtal-alpin.at\\\/#website\"},\"primaryImageOfPage\":{\"@id\":\"https:\\\/\\\/lechtal-alpin.at\\\/index.php\\\/klettern-in-den-dolomiten\\\/#primaryimage\"},\"image\":{\"@id\":\"https:\\\/\\\/lechtal-alpin.at\\\/index.php\\\/klettern-in-den-dolomiten\\\/#primaryimage\"},\"thumbnailUrl\":\"https:\\\/\\\/lechtal-alpin.at\\\/wp-content\\\/uploads\\\/2026\\\/02\\\/Lechtal_Alpin_BEITRAG_Dolomiten_Klettern_neu.jpg\",\"datePublished\":\"2026-01-08T13:39:23+00:00\",\"dateModified\":\"2026-04-10T09:34:07+00:00\",\"description\":\"Klettern in den Dolomiten \u2013 Dein Abenteuer beginnt hier! Erlebe die Faszination der Dolomiten aus n\u00e4chster N\u00e4he \u2013 senkrechte W\u00e4nde, atemberaubende Gipfel und unendliche Freiheit!\",\"breadcrumb\":{\"@id\":\"https:\\\/\\\/lechtal-alpin.at\\\/index.php\\\/klettern-in-den-dolomiten\\\/#breadcrumb\"},\"inLanguage\":\"de-AT\",\"potentialAction\":[{\"@type\":\"ReadAction\",\"target\":[\"https:\\\/\\\/lechtal-alpin.at\\\/index.php\\\/klettern-in-den-dolomiten\\\/\"]}]},{\"@type\":\"ImageObject\",\"inLanguage\":\"de-AT\",\"@id\":\"https:\\\/\\\/lechtal-alpin.at\\\/index.php\\\/klettern-in-den-dolomiten\\\/#primaryimage\",\"url\":\"https:\\\/\\\/lechtal-alpin.at\\\/wp-content\\\/uploads\\\/2026\\\/02\\\/Lechtal_Alpin_BEITRAG_Dolomiten_Klettern_neu.jpg\",\"contentUrl\":\"https:\\\/\\\/lechtal-alpin.at\\\/wp-content\\\/uploads\\\/2026\\\/02\\\/Lechtal_Alpin_BEITRAG_Dolomiten_Klettern_neu.jpg\",\"width\":1800,\"height\":1000},{\"@type\":\"BreadcrumbList\",\"@id\":\"https:\\\/\\\/lechtal-alpin.at\\\/index.php\\\/klettern-in-den-dolomiten\\\/#breadcrumb\",\"itemListElement\":[{\"@type\":\"ListItem\",\"position\":1,\"name\":\"Startseite\",\"item\":\"https:\\\/\\\/lechtal-alpin.at\\\/\"},{\"@type\":\"ListItem\",\"position\":2,\"name\":\"Klettern in den Dolomiten\"}]},{\"@type\":\"WebSite\",\"@id\":\"https:\\\/\\\/lechtal-alpin.at\\\/#website\",\"url\":\"https:\\\/\\\/lechtal-alpin.at\\\/\",\"name\":\"Lechtal Alpin\",\"description\":\"\",\"publisher\":{\"@id\":\"https:\\\/\\\/lechtal-alpin.at\\\/#\\\/schema\\\/person\\\/c379d06227bea9bcc3119575c50a158d\"},\"potentialAction\":[{\"@type\":\"SearchAction\",\"target\":{\"@type\":\"EntryPoint\",\"urlTemplate\":\"https:\\\/\\\/lechtal-alpin.at\\\/?s={search_term_string}\"},\"query-input\":{\"@type\":\"PropertyValueSpecification\",\"valueRequired\":true,\"valueName\":\"search_term_string\"}}],\"inLanguage\":\"de-AT\"},{\"@type\":[\"Person\",\"Organization\"],\"@id\":\"https:\\\/\\\/lechtal-alpin.at\\\/#\\\/schema\\\/person\\\/c379d06227bea9bcc3119575c50a158d\",\"name\":\"Marvin K\u00e4rle\",\"image\":{\"@type\":\"ImageObject\",\"inLanguage\":\"de-AT\",\"@id\":\"https:\\\/\\\/lechtal-alpin.at\\\/wp-content\\\/uploads\\\/2026\\\/04\\\/Logo_Lechtal-Alpin_nur-Schrift-LA-scaled.png\",\"url\":\"https:\\\/\\\/lechtal-alpin.at\\\/wp-content\\\/uploads\\\/2026\\\/04\\\/Logo_Lechtal-Alpin_nur-Schrift-LA-scaled.png\",\"contentUrl\":\"https:\\\/\\\/lechtal-alpin.at\\\/wp-content\\\/uploads\\\/2026\\\/04\\\/Logo_Lechtal-Alpin_nur-Schrift-LA-scaled.png\",\"width\":2560,\"height\":1707,\"caption\":\"Marvin K\u00e4rle\"},\"logo\":{\"@id\":\"https:\\\/\\\/lechtal-alpin.at\\\/wp-content\\\/uploads\\\/2026\\\/04\\\/Logo_Lechtal-Alpin_nur-Schrift-LA-scaled.png\"}}]}<\/script>\n<!-- \/ Yoast SEO plugin. -->","yoast_head_json":{"title":"Klettern in den Dolomiten - Lechtal Alpin","description":"Klettern in den Dolomiten \u2013 Dein Abenteuer beginnt hier! Erlebe die Faszination der Dolomiten aus n\u00e4chster N\u00e4he \u2013 senkrechte W\u00e4nde, atemberaubende Gipfel und unendliche Freiheit!","robots":{"index":"index","follow":"follow","max-snippet":"max-snippet:-1","max-image-preview":"max-image-preview:large","max-video-preview":"max-video-preview:-1"},"canonical":"https:\/\/lechtal-alpin.at\/index.php\/klettern-in-den-dolomiten\/","og_locale":"de_DE","og_type":"article","og_title":"Klettern in den Dolomiten - Lechtal Alpin","og_description":"Klettern in den Dolomiten \u2013 Dein Abenteuer beginnt hier! Erlebe die Faszination der Dolomiten aus n\u00e4chster N\u00e4he \u2013 senkrechte W\u00e4nde, atemberaubende Gipfel und unendliche Freiheit!","og_url":"https:\/\/lechtal-alpin.at\/index.php\/klettern-in-den-dolomiten\/","og_site_name":"Lechtal Alpin","article_modified_time":"2026-04-10T09:34:07+00:00","og_image":[{"width":1800,"height":1000,"url":"https:\/\/lechtal-alpin.at\/wp-content\/uploads\/2026\/02\/Lechtal_Alpin_BEITRAG_Dolomiten_Klettern_neu.jpg","type":"image\/jpeg"}],"twitter_card":"summary_large_image","twitter_misc":{"Gesch\u00e4tzte Lesezeit":"2 Minuten"},"schema":{"@context":"https:\/\/schema.org","@graph":[{"@type":"WebPage","@id":"https:\/\/lechtal-alpin.at\/index.php\/klettern-in-den-dolomiten\/","url":"https:\/\/lechtal-alpin.at\/index.php\/klettern-in-den-dolomiten\/","name":"Klettern in den Dolomiten - Lechtal Alpin","isPartOf":{"@id":"https:\/\/lechtal-alpin.at\/#website"},"primaryImageOfPage":{"@id":"https:\/\/lechtal-alpin.at\/index.php\/klettern-in-den-dolomiten\/#primaryimage"},"image":{"@id":"https:\/\/lechtal-alpin.at\/index.php\/klettern-in-den-dolomiten\/#primaryimage"},"thumbnailUrl":"https:\/\/lechtal-alpin.at\/wp-content\/uploads\/2026\/02\/Lechtal_Alpin_BEITRAG_Dolomiten_Klettern_neu.jpg","datePublished":"2026-01-08T13:39:23+00:00","dateModified":"2026-04-10T09:34:07+00:00","description":"Klettern in den Dolomiten \u2013 Dein Abenteuer beginnt hier! Erlebe die Faszination der Dolomiten aus n\u00e4chster N\u00e4he \u2013 senkrechte W\u00e4nde, atemberaubende Gipfel und unendliche Freiheit!","breadcrumb":{"@id":"https:\/\/lechtal-alpin.at\/index.php\/klettern-in-den-dolomiten\/#breadcrumb"},"inLanguage":"de-AT","potentialAction":[{"@type":"ReadAction","target":["https:\/\/lechtal-alpin.at\/index.php\/klettern-in-den-dolomiten\/"]}]},{"@type":"ImageObject","inLanguage":"de-AT","@id":"https:\/\/lechtal-alpin.at\/index.php\/klettern-in-den-dolomiten\/#primaryimage","url":"https:\/\/lechtal-alpin.at\/wp-content\/uploads\/2026\/02\/Lechtal_Alpin_BEITRAG_Dolomiten_Klettern_neu.jpg","contentUrl":"https:\/\/lechtal-alpin.at\/wp-content\/uploads\/2026\/02\/Lechtal_Alpin_BEITRAG_Dolomiten_Klettern_neu.jpg","width":1800,"height":1000},{"@type":"BreadcrumbList","@id":"https:\/\/lechtal-alpin.at\/index.php\/klettern-in-den-dolomiten\/#breadcrumb","itemListElement":[{"@type":"ListItem","position":1,"name":"Startseite","item":"https:\/\/lechtal-alpin.at\/"},{"@type":"ListItem","position":2,"name":"Klettern in den Dolomiten"}]},{"@type":"WebSite","@id":"https:\/\/lechtal-alpin.at\/#website","url":"https:\/\/lechtal-alpin.at\/","name":"Lechtal Alpin","description":"","publisher":{"@id":"https:\/\/lechtal-alpin.at\/#\/schema\/person\/c379d06227bea9bcc3119575c50a158d"},"potentialAction":[{"@type":"SearchAction","target":{"@type":"EntryPoint","urlTemplate":"https:\/\/lechtal-alpin.at\/?s={search_term_string}"},"query-input":{"@type":"PropertyValueSpecification","valueRequired":true,"valueName":"search_term_string"}}],"inLanguage":"de-AT"},{"@type":["Person","Organization"],"@id":"https:\/\/lechtal-alpin.at\/#\/schema\/person\/c379d06227bea9bcc3119575c50a158d","name":"Marvin K\u00e4rle","image":{"@type":"ImageObject","inLanguage":"de-AT","@id":"https:\/\/lechtal-alpin.at\/wp-content\/uploads\/2026\/04\/Logo_Lechtal-Alpin_nur-Schrift-LA-scaled.png","url":"https:\/\/lechtal-alpin.at\/wp-content\/uploads\/2026\/04\/Logo_Lechtal-Alpin_nur-Schrift-LA-scaled.png","contentUrl":"https:\/\/lechtal-alpin.at\/wp-content\/uploads\/2026\/04\/Logo_Lechtal-Alpin_nur-Schrift-LA-scaled.png","width":2560,"height":1707,"caption":"Marvin K\u00e4rle"},"logo":{"@id":"https:\/\/lechtal-alpin.at\/wp-content\/uploads\/2026\/04\/Logo_Lechtal-Alpin_nur-Schrift-LA-scaled.png"}}]}},"_links":{"self":[{"href":"https:\/\/lechtal-alpin.at\/index.php\/wp-json\/wp\/v2\/pages\/515","targetHints":{"allow":["GET"]}}],"collection":[{"href":"https:\/\/lechtal-alpin.at\/index.php\/wp-json\/wp\/v2\/pages"}],"about":[{"href":"https:\/\/lechtal-alpin.at\/index.php\/wp-json\/wp\/v2\/types\/page"}],"author":[{"embeddable":true,"href":"https:\/\/lechtal-alpin.at\/index.php\/wp-json\/wp\/v2\/users\/4"}],"replies":[{"embeddable":true,"href":"https:\/\/lechtal-alpin.at\/index.php\/wp-json\/wp\/v2\/comments?post=515"}],"version-history":[{"count":11,"href":"https:\/\/lechtal-alpin.at\/index.php\/wp-json\/wp\/v2\/pages\/515\/revisions"}],"predecessor-version":[{"id":1398,"href":"https:\/\/lechtal-alpin.at\/index.php\/wp-json\/wp\/v2\/pages\/515\/revisions\/1398"}],"wp:featuredmedia":[{"embeddable":true,"href":"https:\/\/lechtal-alpin.at\/index.php\/wp-json\/wp\/v2\/media\/1400"}],"wp:attachment":[{"href":"https:\/\/lechtal-alpin.at\/index.php\/wp-json\/wp\/v2\/media?parent=515"}],"curies":[{"name":"wp","href":"https:\/\/api.w.org\/{rel}","templated":true}]}}