{"id":49,"date":"2025-11-24T11:03:36","date_gmt":"2025-11-24T11:03:36","guid":{"rendered":"https:\/\/dev-lechtal-alpin.at\/?page_id=49"},"modified":"2026-04-10T11:38:25","modified_gmt":"2026-04-10T11:38:25","slug":"ueber-mich","status":"publish","type":"page","link":"https:\/\/lechtal-alpin.at\/index.php\/ueber-mich\/","title":{"rendered":"\u00dcber mich"},"content":{"rendered":"<div class=\"wpb-content-wrapper\"><p>[vc_row full_width=&#8220;stretch_row&#8220; css=&#8220;.vc_custom_1766139479771{background-image: url(https:\/\/lechtal-alpin.at\/wp-content\/uploads\/2025\/12\/Lechtal_Alpin_HG_weiss_Berge_2.jpg?id=347) !important;background-position: center !important;background-repeat: no-repeat !important;background-size: cover !important;}&#8220;][vc_column][vc_empty_space height=&#8220;95&#8243;][vc_row_inner content_placement=&#8220;top&#8220; gap=&#8220;5&#8243;][vc_column_inner width=&#8220;1\/2&#8243;][vc_custom_heading text=&#8220;MARVIN K\u00c4RLE&#8220; font_container=&#8220;tag:h3|font_size:35|text_align:left|color:%23AE6523&#8243; google_fonts=&#8220;font_family:Montserrat%3Aregular%2C700|font_style:700%20bold%20regular%3A700%3Anormal&#8220; css=&#8220;&#8220;][vc_custom_heading text=&#8220;Berg- &amp; Skif\u00fchrer&#8220; font_container=&#8220;tag:h4|font_size:30|text_align:left|color:%23AE6523&#8243; google_fonts=&#8220;font_family:Montserrat%3Aregular%2C700|font_style:400%20regular%3A400%3Anormal&#8220; css=&#8220;.vc_custom_1766139178158{margin-top: -20px !important;}&#8220;][vc_empty_space height=&#8220;20&#8243;][vc_btn title=&#8220;KONTAKT&#8220; style=&#8220;outline-custom&#8220; outline_custom_color=&#8220;#AE6523&#8243; outline_custom_hover_background=&#8220;#AE6523&#8243; shape=&#8220;square&#8220; align=&#8220;left&#8220; css=&#8220;&#8220; link=&#8220;url:https%3A%2F%2Flechtal-alpin.at%2Findex.php%2Fkontakt%2F|title:Kontakt&#8220;][\/vc_column_inner][vc_column_inner width=&#8220;1\/2&#8243;][vc_column_text css=&#8220;&#8220;]Marvin K\u00e4rle, geboren am 02.10.1992. Aufgewachsen und wohnhaft in meiner Heimat dem wundersch\u00f6nem Tiroler Lechtal. Durch meinen Berg- und Skibegeisterten Vater, stand ich bereits mit drei Jahren auf den Skiern und kletterte gemeinsam mit ihm und meinem Bruder auf viele Bergen meiner Heimat.[\/vc_column_text][\/vc_column_inner][\/vc_row_inner][vc_empty_space height=&#8220;95&#8243;][\/vc_column][\/vc_row][vc_row full_width=&#8220;stretch_row&#8220; css=&#8220;.vc_custom_1766139234458{background-color: #E3E3E3 !important;background-position: center !important;background-repeat: no-repeat !important;background-size: cover !important;}&#8220;][vc_column][vc_empty_space height=&#8220;95&#8243;][vc_row_inner content_placement=&#8220;middle&#8220; gap=&#8220;15&#8243; css=&#8220;.vc_custom_1767962794635{margin-right: 5px !important;margin-left: 5px !important;}&#8220;][vc_column_inner width=&#8220;1\/2&#8243;][vc_single_image image=&#8220;375&#8243; img_size=&#8220;full&#8220; css=&#8220;&#8220;][\/vc_column_inner][vc_column_inner width=&#8220;1\/2&#8243;][vc_column_text css=&#8220;&#8220;]<\/p>\n<p data-start=\"285\" data-end=\"503\">Nach mehreren Jahren im Skirennsport entdeckte ich mit 17 Jahren meine Leidenschaft f\u00fcr das freie Skifahren und den alpinen Bergsport. Freeriden, Skitouren, Klettern, Bergsteigen und Canyoning pr\u00e4gen seither meinen Weg.<\/p>\n<p data-start=\"285\" data-end=\"503\">Heute bin ich staatlich gepr\u00fcfter Berg- &amp; Skif\u00fchrer, Canyoningf\u00fchrer sowie staatlich gepr\u00fcfter Skilehrer und es wurde zu meiner Passion meine Begeisterung f\u00fcr die Abenteuer in den Bergen mit anderen Menschen zu teilen.<\/p>\n<p>[\/vc_column_text][\/vc_column_inner][\/vc_row_inner][vc_empty_space height=&#8220;95&#8243;][\/vc_column][\/vc_row][vc_row css=&#8220;.vc_custom_1767962804840{margin-right: 5px !important;margin-left: 5px !important;background-color: #E3E3E300 !important;background-position: center !important;background-repeat: no-repeat !important;background-size: cover !important;}&#8220;][vc_column][vc_empty_space height=&#8220;20&#8243;][vc_row_inner equal_height=&#8220;yes&#8220;][vc_column_inner width=&#8220;1\/2&#8243;][vc_cta h2=&#8220;AUSBILDUNG&#8220; h2_font_container=&#8220;tag:h4|font_size:25|text_align:left|color:%23FFFFFF&#8220; h2_google_fonts=&#8220;font_family:Montserrat%3Aregular%2C700|font_style:700%20bold%20regular%3A700%3Anormal&#8220; shape=&#8220;square&#8220; style=&#8220;custom&#8220; css=&#8220;&#8220; use_custom_fonts_h2=&#8220;true&#8220; custom_background=&#8220;#AE6523&#8243; custom_text=&#8220;#FFFFFF&#8220;]<span style=\"color: #ffffff;\">\u2022 Staatlich gepr\u00fcfter Berg- und Skif\u00fchrer (IVBV)<\/span><br \/>\n<span style=\"color: #ffffff;\">\u2022 Staatlich gepr\u00fcfter Skilehrer und Skif\u00fchrer (\u00d6SSV)<\/span><br \/>\n<span style=\"color: #ffffff;\">\u2022 Tiroler Schluchtenf\u00fchrer (Canyoningguide)<\/span><br \/>\n<span style=\"color: #ffffff;\">\u2022 IVBV Canyoningguide<\/span>[\/vc_cta][\/vc_column_inner][vc_column_inner width=&#8220;1\/2&#8243;][vc_cta h2=&#8220;ALPINE ERFOLGE&#8220; h2_font_container=&#8220;tag:h4|font_size:25|text_align:left|color:%23FFFFFF&#8220; h2_google_fonts=&#8220;font_family:Montserrat%3Aregular%2C700|font_style:700%20bold%20regular%3A700%3Anormal&#8220; shape=&#8220;square&#8220; style=&#8220;custom&#8220; css=&#8220;&#8220; use_custom_fonts_h2=&#8220;true&#8220; custom_background=&#8220;#AE6523&#8243; custom_text=&#8220;#FFFFFF&#8220;]<span style=\"color: #ffffff;\">\u2022 Erstbefahrungen mit Ski in Patagonien<\/span><br \/>\n<span style=\"color: #ffffff;\">\u2022 Mehrere Erstbegehungen schwerer Alpiner Klettertouren bis 7b+<\/span><br \/>\n<span style=\"color: #ffffff;\">\u2022 Sportklettern bis Grad 8b<\/span><br \/>\n<span style=\"color: #ffffff;\">\u2022 \u00fcber 15 Erstbegehungen von Alpinen Klettertouren<\/span><br \/>\n<span style=\"color: #ffffff;\">\u2022 \u00fcber 50 Erstbegehungen von Sportkettertouren<\/span>[\/vc_cta][\/vc_column_inner][\/vc_row_inner][vc_empty_space height=&#8220;20&#8243;][\/vc_column][\/vc_row][vc_row full_width=&#8220;stretch_row&#8220; content_placement=&#8220;middle&#8220; css=&#8220;.vc_custom_1772114087601{background-image: url(https:\/\/lechtal-alpin.at\/wp-content\/uploads\/2026\/02\/Lechtal_Alpin-Ueber_Mich_-Sicher_Unterwegs.jpg?id=1386) !important;background-position: center !important;background-repeat: no-repeat !important;background-size: cover !important;}&#8220;][vc_column][vc_empty_space height=&#8220;110&#8243;][vc_row_inner][vc_column_inner width=&#8220;1\/2&#8243;][vc_column_text css=&#8220;&#8220;]<img loading=\"lazy\" decoding=\"async\" class=\"alignnone wp-image-39\" src=\"https:\/\/lechtal-alpin.at\/wp-content\/uploads\/2025\/11\/Lechtal_Alpin_Auszeichnungen_Logos-e1766140992308.png\" alt=\"\" width=\"450\" height=\"151\" srcset=\"https:\/\/lechtal-alpin.at\/wp-content\/uploads\/2025\/11\/Lechtal_Alpin_Auszeichnungen_Logos-e1766140992308.png 810w, https:\/\/lechtal-alpin.at\/wp-content\/uploads\/2025\/11\/Lechtal_Alpin_Auszeichnungen_Logos-e1766140992308-300x101.png 300w, https:\/\/lechtal-alpin.at\/wp-content\/uploads\/2025\/11\/Lechtal_Alpin_Auszeichnungen_Logos-e1766140992308-768x258.png 768w, https:\/\/lechtal-alpin.at\/wp-content\/uploads\/2025\/11\/Lechtal_Alpin_Auszeichnungen_Logos-e1766140992308-600x201.png 600w\" sizes=\"auto, (max-width: 450px) 100vw, 450px\" \/>[\/vc_column_text][\/vc_column_inner][vc_column_inner width=&#8220;1\/2&#8243;][vc_custom_heading text=&#8220;SICHER<br \/>\nUNTERWEGS&#8220; font_container=&#8220;tag:h3|font_size:40|text_align:right|color:%23FFFFFF&#8220; google_fonts=&#8220;font_family:Montserrat%3Aregular%2C700|font_style:700%20bold%20regular%3A700%3Anormal&#8220; css=&#8220;&#8220;][vc_custom_heading text=&#8220;mit Lechtal Alpin&#8220; font_container=&#8220;tag:h4|font_size:30|text_align:right|color:%23FFFFFF&#8220; google_fonts=&#8220;font_family:Montserrat%3Aregular%2C700|font_style:400%20regular%3A400%3Anormal&#8220; css=&#8220;.vc_custom_1772114128408{margin-top: -20px !important;}&#8220;][\/vc_column_inner][\/vc_row_inner][vc_empty_space height=&#8220;110&#8243;][\/vc_column][\/vc_row][vc_row css=&#8220;.vc_custom_1766140580794{background-color: #E3E3E300 !important;}&#8220;][vc_column][vc_empty_space height=&#8220;95&#8243;][vc_row_inner content_placement=&#8220;middle&#8220; gap=&#8220;15&#8243; css=&#8220;.vc_custom_1767962816695{margin-right: 5px !important;margin-left: 5px !important;}&#8220;][vc_column_inner width=&#8220;1\/2&#8243;][vc_single_image image=&#8220;376&#8243; img_size=&#8220;full&#8220; css=&#8220;&#8220;][\/vc_column_inner][vc_column_inner width=&#8220;1\/2&#8243;][vc_custom_heading text=&#8220;ERFAHRUNG&#8220; font_container=&#8220;tag:h3|font_size:35|text_align:left|color:%23AE6523&#8243; google_fonts=&#8220;font_family:Montserrat%3Aregular%2C700|font_style:700%20bold%20regular%3A700%3Anormal&#8220; css=&#8220;&#8220;][vc_column_text css=&#8220;&#8220;]<\/p>\n<p data-start=\"285\" data-end=\"503\">Neben meiner T\u00e4tigkeit als Berg- und Skif\u00fchrer bin ich auch in der Ausbildung und im Rettungswesen aktiv. Mein Engagement zeigt sich in folgenden Funktionen:<\/p>\n<p data-start=\"285\" data-end=\"503\">\u2022 Im Ausbildungsteam der \u00d6sterreichischen Berg- &amp; Skif\u00fchrerausbildung<br \/>\n\u2022 Im Ausbildungsteam des Tiroler Skilehrerverbandes<br \/>\n\u2022 Mitglied und Einsatzleiter bei der Bergrettung Tirol<br \/>\n\u2022 Ausbilder bei der Bergrettung Tirol<br \/>\n\u2022 Ausbildungsleiter bei der Bergrettung Elbigenalp<\/p>\n<p>[\/vc_column_text][\/vc_column_inner][\/vc_row_inner][vc_empty_space height=&#8220;95&#8243;][\/vc_column][\/vc_row][vc_row full_width=&#8220;stretch_row&#8220; disable_element=&#8220;yes&#8220; css=&#8220;.vc_custom_1766139657459{background-color: #E3E3E3 !important;background-position: center !important;background-repeat: no-repeat !important;background-size: cover !important;}&#8220;][vc_column width=&#8220;1\/6&#8243;][\/vc_column][vc_column width=&#8220;2\/3&#8243;][vc_empty_space height=&#8220;20&#8243;][vc_row_inner content_placement=&#8220;middle&#8220; gap=&#8220;15&#8243;][vc_column_inner width=&#8220;1\/6&#8243;][vc_column_text css=&#8220;&#8220;]<img loading=\"lazy\" decoding=\"async\" class=\"size-full wp-image-89 aligncenter\" src=\"https:\/\/lechtal-alpin.at\/wp-content\/uploads\/2025\/11\/Lechtal_Alpin_Icons_Klettern.png\" alt=\"\" width=\"481\" height=\"480\" srcset=\"https:\/\/lechtal-alpin.at\/wp-content\/uploads\/2025\/11\/Lechtal_Alpin_Icons_Klettern.png 481w, https:\/\/lechtal-alpin.at\/wp-content\/uploads\/2025\/11\/Lechtal_Alpin_Icons_Klettern-300x300.png 300w, https:\/\/lechtal-alpin.at\/wp-content\/uploads\/2025\/11\/Lechtal_Alpin_Icons_Klettern-150x150.png 150w, https:\/\/lechtal-alpin.at\/wp-content\/uploads\/2025\/11\/Lechtal_Alpin_Icons_Klettern-280x280.png 280w\" sizes=\"auto, (max-width: 481px) 100vw, 481px\" \/>[\/vc_column_text][\/vc_column_inner][vc_column_inner width=&#8220;1\/6&#8243;][vc_column_text css=&#8220;&#8220;]<img loading=\"lazy\" decoding=\"async\" class=\"size-full wp-image-91 aligncenter\" src=\"https:\/\/lechtal-alpin.at\/wp-content\/uploads\/2025\/11\/Lechtal_Alpin_Icons_Bergsteigen.png\" alt=\"\" width=\"480\" height=\"480\" srcset=\"https:\/\/lechtal-alpin.at\/wp-content\/uploads\/2025\/11\/Lechtal_Alpin_Icons_Bergsteigen.png 480w, https:\/\/lechtal-alpin.at\/wp-content\/uploads\/2025\/11\/Lechtal_Alpin_Icons_Bergsteigen-300x300.png 300w, https:\/\/lechtal-alpin.at\/wp-content\/uploads\/2025\/11\/Lechtal_Alpin_Icons_Bergsteigen-150x150.png 150w, https:\/\/lechtal-alpin.at\/wp-content\/uploads\/2025\/11\/Lechtal_Alpin_Icons_Bergsteigen-280x280.png 280w\" sizes=\"auto, (max-width: 480px) 100vw, 480px\" \/>[\/vc_column_text][\/vc_column_inner][vc_column_inner width=&#8220;1\/6&#8243;][vc_column_text css=&#8220;&#8220;]<img loading=\"lazy\" decoding=\"async\" class=\"wp-image-88 size-full aligncenter\" src=\"https:\/\/lechtal-alpin.at\/wp-content\/uploads\/2025\/11\/Lechtal_Alpin_Icons_canyoing.png\" alt=\"\" width=\"481\" height=\"480\" srcset=\"https:\/\/lechtal-alpin.at\/wp-content\/uploads\/2025\/11\/Lechtal_Alpin_Icons_canyoing.png 481w, https:\/\/lechtal-alpin.at\/wp-content\/uploads\/2025\/11\/Lechtal_Alpin_Icons_canyoing-300x300.png 300w, https:\/\/lechtal-alpin.at\/wp-content\/uploads\/2025\/11\/Lechtal_Alpin_Icons_canyoing-150x150.png 150w, https:\/\/lechtal-alpin.at\/wp-content\/uploads\/2025\/11\/Lechtal_Alpin_Icons_canyoing-280x280.png 280w\" sizes=\"auto, (max-width: 481px) 100vw, 481px\" \/>[\/vc_column_text][\/vc_column_inner][vc_column_inner width=&#8220;1\/6&#8243;][vc_column_text css=&#8220;&#8220;]<img loading=\"lazy\" decoding=\"async\" class=\"wp-image-90 size-full aligncenter\" src=\"https:\/\/lechtal-alpin.at\/wp-content\/uploads\/2025\/11\/Lechtal_Alpin_Icons_Skitour.png\" alt=\"\" width=\"481\" height=\"480\" srcset=\"https:\/\/lechtal-alpin.at\/wp-content\/uploads\/2025\/11\/Lechtal_Alpin_Icons_Skitour.png 481w, https:\/\/lechtal-alpin.at\/wp-content\/uploads\/2025\/11\/Lechtal_Alpin_Icons_Skitour-300x300.png 300w, https:\/\/lechtal-alpin.at\/wp-content\/uploads\/2025\/11\/Lechtal_Alpin_Icons_Skitour-150x150.png 150w, https:\/\/lechtal-alpin.at\/wp-content\/uploads\/2025\/11\/Lechtal_Alpin_Icons_Skitour-280x280.png 280w\" sizes=\"auto, (max-width: 481px) 100vw, 481px\" \/>[\/vc_column_text][\/vc_column_inner][vc_column_inner width=&#8220;1\/6&#8243;][vc_column_text css=&#8220;&#8220;]<img loading=\"lazy\" decoding=\"async\" class=\"wp-image-92 size-full aligncenter\" src=\"https:\/\/lechtal-alpin.at\/wp-content\/uploads\/2025\/11\/Lechtal_Alpin_Icons_Freeride.png\" alt=\"\" width=\"480\" height=\"480\" srcset=\"https:\/\/lechtal-alpin.at\/wp-content\/uploads\/2025\/11\/Lechtal_Alpin_Icons_Freeride.png 480w, https:\/\/lechtal-alpin.at\/wp-content\/uploads\/2025\/11\/Lechtal_Alpin_Icons_Freeride-300x300.png 300w, https:\/\/lechtal-alpin.at\/wp-content\/uploads\/2025\/11\/Lechtal_Alpin_Icons_Freeride-150x150.png 150w, https:\/\/lechtal-alpin.at\/wp-content\/uploads\/2025\/11\/Lechtal_Alpin_Icons_Freeride-280x280.png 280w\" sizes=\"auto, (max-width: 480px) 100vw, 480px\" \/>[\/vc_column_text][\/vc_column_inner][vc_column_inner width=&#8220;1\/6&#8243;][vc_column_text css=&#8220;&#8220;]<img loading=\"lazy\" decoding=\"async\" class=\"aligncenter wp-image-247 size-full\" src=\"https:\/\/lechtal-alpin.at\/wp-content\/uploads\/2025\/12\/Lechtal_Alpin_Icon_Lawinen.png\" alt=\"\" width=\"481\" height=\"480\" srcset=\"https:\/\/lechtal-alpin.at\/wp-content\/uploads\/2025\/12\/Lechtal_Alpin_Icon_Lawinen.png 481w, https:\/\/lechtal-alpin.at\/wp-content\/uploads\/2025\/12\/Lechtal_Alpin_Icon_Lawinen-300x300.png 300w, https:\/\/lechtal-alpin.at\/wp-content\/uploads\/2025\/12\/Lechtal_Alpin_Icon_Lawinen-150x150.png 150w, https:\/\/lechtal-alpin.at\/wp-content\/uploads\/2025\/12\/Lechtal_Alpin_Icon_Lawinen-280x280.png 280w\" sizes=\"auto, (max-width: 481px) 100vw, 481px\" \/>[\/vc_column_text][\/vc_column_inner][\/vc_row_inner][vc_empty_space height=&#8220;20&#8243;][\/vc_column][vc_column width=&#8220;1\/6&#8243;][\/vc_column][\/vc_row][vc_row full_width=&#8220;stretch_row&#8220; disable_element=&#8220;yes&#8220; css=&#8220;.vc_custom_1766139935516{background-color: #E3E3E3 !important;background-position: center !important;background-repeat: no-repeat !important;background-size: cover !important;}&#8220;][vc_column width=&#8220;1\/6&#8243;][\/vc_column][vc_column width=&#8220;2\/3&#8243;][vc_empty_space height=&#8220;80&#8243;][vc_custom_heading text=&#8220;HIGHLIGHTS&#8220; font_container=&#8220;tag:h3|font_size:35|text_align:center|color:%23AE6523&#8243; google_fonts=&#8220;font_family:Montserrat%3Aregular%2C700|font_style:700%20bold%20regular%3A700%3Anormal&#8220; css=&#8220;&#8220;][vc_custom_heading text=&#8220;Die besten Angebote&#8220; font_container=&#8220;tag:h4|font_size:30|text_align:center|color:%23AE6523&#8243; google_fonts=&#8220;font_family:Montserrat%3Aregular%2C700|font_style:400%20regular%3A400%3Anormal&#8220; css=&#8220;.vc_custom_1763997788579{margin-top: -20px !important;}&#8220;][vc_empty_space height=&#8220;20&#8243;][vc_icon icon_fontawesome=&#8220;fa fa-solid fa-circle-arrow-down&#8220; color=&#8220;custom&#8220; align=&#8220;center&#8220; css=&#8220;&#8220; custom_color=&#8220;#AE6523&#8243;][vc_empty_space height=&#8220;20&#8243;][vc_row_inner equal_height=&#8220;yes&#8220; content_placement=&#8220;middle&#8220;][vc_column_inner width=&#8220;2\/3&#8243; css=&#8220;.vc_custom_1763993330052{background-color: #AE6523 !important;background-position: center !important;background-repeat: no-repeat !important;background-size: cover !important;}&#8220;][vc_custom_heading text=&#8220;FAMILY ADVENTURE&#8220; font_container=&#8220;tag:h4|font_size:35|text_align:left|color:%23FFFFFF&#8220; google_fonts=&#8220;font_family:Montserrat%3Aregular%2C700|font_style:700%20bold%20regular%3A700%3Anormal&#8220; css=&#8220;.vc_custom_1766134460012{margin-right: 20px !important;margin-left: 20px !important;}&#8220;][vc_custom_heading text=&#8220;Klettersteig&#8220; font_container=&#8220;tag:h4|font_size:30|text_align:left|color:%23FFFFFF&#8220; google_fonts=&#8220;font_family:Montserrat%3Aregular%2C700|font_style:400%20regular%3A400%3Anormal&#8220; css=&#8220;.vc_custom_1766133951369{margin-top: -20px !important;margin-left: 20px !important;}&#8220;][vc_column_text css=&#8220;.vc_custom_1766134154053{margin-right: 25px !important;margin-left: 25px !important;}&#8220;]<span style=\"color: #ffffff;\"><strong>Dauer: <\/strong>1\/2 Tag<\/span><br \/>\n<span style=\"color: #ffffff;\"><strong>Teilnehmer: <\/strong>1\u20138 Personen<\/span>[\/vc_column_text][vc_custom_heading text=&#8220;Ab \u20ac 89,00 \/ pro Person&#8220; font_container=&#8220;tag:h4|font_size:20|text_align:left|color:%23FFFFFF&#8220; google_fonts=&#8220;font_family:Montserrat%3Aregular%2C700|font_style:700%20bold%20regular%3A700%3Anormal&#8220; css=&#8220;.vc_custom_1766134170907{margin-left: 20px !important;}&#8220;][vc_btn title=&#8220;DETAILS&#8220; style=&#8220;flat&#8220; shape=&#8220;square&#8220; color=&#8220;white&#8220; align=&#8220;left&#8220; css=&#8220;.vc_custom_1766133532279{margin-right: 20px !important;margin-left: 20px !important;background-color: #FFFFFF00 !important;}&#8220;][vc_empty_space height=&#8220;15&#8243;][\/vc_column_inner][vc_column_inner width=&#8220;1\/3&#8243; css=&#8220;.vc_custom_1763997514284{background-image: url(https:\/\/lechtal-alpin.at\/wp-content\/uploads\/2025\/11\/Lechtal_Alpin_Home_4.jpg?id=136) !important;background-position: center !important;background-repeat: no-repeat !important;background-size: cover !important;}&#8220;][vc_empty_space height=&#8220;300&#8243;][\/vc_column_inner][\/vc_row_inner][vc_empty_space height=&#8220;60&#8243;][vc_row_inner equal_height=&#8220;yes&#8220; content_placement=&#8220;middle&#8220;][vc_column_inner width=&#8220;1\/3&#8243; css=&#8220;.vc_custom_1766133810282{background-image: url(https:\/\/lechtal-alpin.at\/wp-content\/uploads\/2025\/12\/Lechtal_Alpin_Bergsteigen_Wolfebnerspitze.jpg?id=295) !important;background-position: center !important;background-repeat: no-repeat !important;background-size: cover !important;}&#8220;][vc_empty_space height=&#8220;300&#8243;][\/vc_column_inner][vc_column_inner width=&#8220;2\/3&#8243; css=&#8220;.vc_custom_1763995365646{background-color: #706F6F !important;background-position: center !important;background-repeat: no-repeat !important;background-size: cover !important;}&#8220;][vc_custom_heading text=&#8220;WOLFEBNERSPITZE&#8220; font_container=&#8220;tag:h4|font_size:35|text_align:left|color:%23FFFFFF&#8220; google_fonts=&#8220;font_family:Montserrat%3Aregular%2C700|font_style:700%20bold%20regular%3A700%3Anormal&#8220; css=&#8220;.vc_custom_1766134464998{margin-right: 20px !important;margin-left: 20px !important;}&#8220;][vc_custom_heading text=&#8220;Bergsteigen&#8220; font_container=&#8220;tag:h4|font_size:30|text_align:left|color:%23FFFFFF&#8220; google_fonts=&#8220;font_family:Montserrat%3Aregular%2C700|font_style:400%20regular%3A400%3Anormal&#8220; css=&#8220;.vc_custom_1766133957290{margin-top: -20px !important;margin-left: 20px !important;}&#8220;][vc_column_text css=&#8220;.vc_custom_1766134211024{margin-right: 25px !important;margin-left: 25px !important;}&#8220;]<span style=\"color: #ffffff;\"><strong>Dauer: <\/strong>1 Tag<\/span><br \/>\n<span style=\"color: #ffffff;\"><strong>Teilnehmer: <\/strong>1\u20133 Personen<\/span>[\/vc_column_text][vc_custom_heading text=&#8220;Ab \u20ac 195,00 \/ pro Person&#8220; font_container=&#8220;tag:h4|font_size:20|text_align:left|color:%23FFFFFF&#8220; google_fonts=&#8220;font_family:Montserrat%3Aregular%2C700|font_style:700%20bold%20regular%3A700%3Anormal&#8220; css=&#8220;.vc_custom_1766134199315{margin-left: 20px !important;}&#8220;][vc_btn title=&#8220;DETAILS&#8220; style=&#8220;flat&#8220; shape=&#8220;square&#8220; color=&#8220;white&#8220; align=&#8220;left&#8220; css=&#8220;.vc_custom_1766133712014{margin-right: 20px !important;margin-left: 20px !important;background-color: #FFFFFF00 !important;}&#8220;][vc_empty_space height=&#8220;15&#8243;][\/vc_column_inner][\/vc_row_inner][vc_empty_space height=&#8220;60&#8243;][vc_row_inner equal_height=&#8220;yes&#8220; content_placement=&#8220;middle&#8220;][vc_column_inner width=&#8220;2\/3&#8243; css=&#8220;.vc_custom_1763995479882{background-color: #4F84C4 !important;background-position: center !important;background-repeat: no-repeat !important;background-size: cover !important;}&#8220;][vc_custom_heading text=&#8220;WATER ACTION&#8220; font_container=&#8220;tag:h4|font_size:35|text_align:left|color:%23FFFFFF&#8220; google_fonts=&#8220;font_family:Montserrat%3Aregular%2C700|font_style:700%20bold%20regular%3A700%3Anormal&#8220; css=&#8220;.vc_custom_1766134470843{margin-right: 20px !important;margin-left: 20px !important;}&#8220;][vc_custom_heading text=&#8220;Canyoning&#8220; font_container=&#8220;tag:h4|font_size:30|text_align:left|color:%23FFFFFF&#8220; google_fonts=&#8220;font_family:Montserrat%3Aregular%2C700|font_style:400%20regular%3A400%3Anormal&#8220; css=&#8220;.vc_custom_1766133963520{margin-top: -20px !important;margin-left: 20px !important;}&#8220;][vc_column_text css=&#8220;.vc_custom_1766134235875{margin-right: 25px !important;margin-left: 25px !important;}&#8220;]<span style=\"color: #ffffff;\"><strong>Dauer: <\/strong>1\/2 Tag<\/span><br \/>\n<span style=\"color: #ffffff;\"><strong>Teilnehmer: <\/strong>1\u20136 Personen<\/span>[\/vc_column_text][vc_custom_heading text=&#8220;Ab \u20ac 95,00 \/ pro Person&#8220; font_container=&#8220;tag:h4|font_size:20|text_align:left|color:%23FFFFFF&#8220; google_fonts=&#8220;font_family:Montserrat%3Aregular%2C700|font_style:700%20bold%20regular%3A700%3Anormal&#8220; css=&#8220;.vc_custom_1766134225367{margin-left: 20px !important;}&#8220;][vc_btn title=&#8220;DETAILS&#8220; style=&#8220;flat&#8220; shape=&#8220;square&#8220; color=&#8220;white&#8220; align=&#8220;left&#8220; css=&#8220;.vc_custom_1766133820822{margin-right: 20px !important;margin-left: 20px !important;background-color: #FFFFFF00 !important;}&#8220;][vc_empty_space height=&#8220;15&#8243;][\/vc_column_inner][vc_column_inner width=&#8220;1\/3&#8243; css=&#8220;.vc_custom_1766130637292{background-image: url(https:\/\/lechtal-alpin.at\/wp-content\/uploads\/2025\/12\/Lechtal_Alpin_Canyoning_Water_Action.jpg?id=301) !important;background-position: center !important;background-repeat: no-repeat !important;background-size: cover !important;}&#8220;][vc_empty_space height=&#8220;300&#8243;][\/vc_column_inner][\/vc_row_inner][vc_empty_space height=&#8220;80&#8243;][\/vc_column][vc_column width=&#8220;1\/6&#8243;][\/vc_column][\/vc_row]<\/p>\n<\/div>","protected":false},"excerpt":{"rendered":"<p>[vc_row full_width=&#8220;stretch_row&#8220; css=&#8220;.vc_custom_1766139479771{background-image: url(https:\/\/lechtal-alpin.at\/wp-content\/uploads\/2025\/12\/Lechtal_Alpin_HG_weiss_Berge_2.jpg?id=347) !important;background-position: center !important;background-repeat: no-repeat !important;background-size: cover !important;}&#8220;][vc_column][vc_empty_space height=&#8220;95&#8243;][vc_row_inner content_placement=&#8220;top&#8220; gap=&#8220;5&#8243;][vc_column_inner width=&#8220;1\/2&#8243;][vc_custom_heading text=&#8220;MARVIN K\u00c4RLE&#8220; font_container=&#8220;tag:h3|font_size:35|text_align:left|color:%23AE6523&#8243; google_fonts=&#8220;font_family:Montserrat%3Aregular%2C700|font_style:700%20bold%20regular%3A700%3Anormal&#8220; css=&#8220;&#8220;][vc_custom_heading text=&#8220;Berg- &amp; Skif\u00fchrer&#8220; font_container=&#8220;tag:h4|font_size:30|text_align:left|color:%23AE6523&#8243; google_fonts=&#8220;font_family:Montserrat%3Aregular%2C700|font_style:400%20regular%3A400%3Anormal&#8220; css=&#8220;.vc_custom_1766139178158{margin-top: -20px !important;}&#8220;][vc_empty_space height=&#8220;20&#8243;][vc_btn title=&#8220;KONTAKT&#8220; style=&#8220;outline-custom&#8220; outline_custom_color=&#8220;#AE6523&#8243; outline_custom_hover_background=&#8220;#AE6523&#8243; shape=&#8220;square&#8220; align=&#8220;left&#8220; css=&#8220;&#8220; link=&#8220;url:https%3A%2F%2Flechtal-alpin.at%2Findex.php%2Fkontakt%2F|title:Kontakt&#8220;][\/vc_column_inner][vc_column_inner width=&#8220;1\/2&#8243;][vc_column_text css=&#8220;&#8220;]Marvin K\u00e4rle, geboren am 02.10.1992. Aufgewachsen und wohnhaft in meiner Heimat dem [&hellip;]<\/p>\n","protected":false},"author":4,"featured_media":913,"parent":0,"menu_order":0,"comment_status":"closed","ping_status":"closed","template":"","meta":{"inspiro_page_layout":"narrow","inspiro_hide_title":false,"footnotes":""},"class_list":["post-49","page","type-page","status-publish","has-post-thumbnail","hentry"],"yoast_head":"<!-- This site is optimized with the Yoast SEO plugin v27.3 - https:\/\/yoast.com\/product\/yoast-seo-wordpress\/ -->\n<title>\u00dcber mich - Lechtal Alpin<\/title>\n<meta name=\"description\" content=\"Heute bin ich staatlich gepr\u00fcfter Berg- &amp; Skif\u00fchrer, Canyoningf\u00fchrer sowie staatlich gepr\u00fcfter Skilehrer und es wurde zu meiner Passion meine Begeisterung f\u00fcr die Abenteuer in den Bergen mit anderen Menschen zu teilen.\" \/>\n<meta name=\"robots\" content=\"index, follow, max-snippet:-1, max-image-preview:large, max-video-preview:-1\" \/>\n<link rel=\"canonical\" href=\"https:\/\/lechtal-alpin.at\/index.php\/ueber-mich\/\" \/>\n<meta property=\"og:locale\" content=\"de_DE\" \/>\n<meta property=\"og:type\" content=\"article\" \/>\n<meta property=\"og:title\" content=\"\u00dcber mich - Lechtal Alpin\" \/>\n<meta property=\"og:description\" content=\"Heute bin ich staatlich gepr\u00fcfter Berg- &amp; Skif\u00fchrer, Canyoningf\u00fchrer sowie staatlich gepr\u00fcfter Skilehrer und es wurde zu meiner Passion meine Begeisterung f\u00fcr die Abenteuer in den Bergen mit anderen Menschen zu teilen.\" \/>\n<meta property=\"og:url\" content=\"https:\/\/lechtal-alpin.at\/index.php\/ueber-mich\/\" \/>\n<meta property=\"og:site_name\" content=\"Lechtal Alpin\" \/>\n<meta property=\"article:modified_time\" content=\"2026-04-10T11:38:25+00:00\" \/>\n<meta property=\"og:image\" content=\"https:\/\/lechtal-alpin.at\/wp-content\/uploads\/2026\/01\/Lechtal_alpin_Ueber_mich_Beitragsbild.jpg\" \/>\n\t<meta property=\"og:image:width\" content=\"1800\" \/>\n\t<meta property=\"og:image:height\" content=\"1000\" \/>\n\t<meta property=\"og:image:type\" content=\"image\/jpeg\" \/>\n<meta name=\"twitter:card\" content=\"summary_large_image\" \/>\n<meta name=\"twitter:label1\" content=\"Gesch\u00e4tzte Lesezeit\" \/>\n\t<meta name=\"twitter:data1\" content=\"6 Minuten\" \/>\n<script type=\"application\/ld+json\" class=\"yoast-schema-graph\">{\"@context\":\"https:\\\/\\\/schema.org\",\"@graph\":[{\"@type\":\"WebPage\",\"@id\":\"https:\\\/\\\/lechtal-alpin.at\\\/index.php\\\/ueber-mich\\\/\",\"url\":\"https:\\\/\\\/lechtal-alpin.at\\\/index.php\\\/ueber-mich\\\/\",\"name\":\"\u00dcber mich - Lechtal Alpin\",\"isPartOf\":{\"@id\":\"https:\\\/\\\/lechtal-alpin.at\\\/#website\"},\"primaryImageOfPage\":{\"@id\":\"https:\\\/\\\/lechtal-alpin.at\\\/index.php\\\/ueber-mich\\\/#primaryimage\"},\"image\":{\"@id\":\"https:\\\/\\\/lechtal-alpin.at\\\/index.php\\\/ueber-mich\\\/#primaryimage\"},\"thumbnailUrl\":\"https:\\\/\\\/lechtal-alpin.at\\\/wp-content\\\/uploads\\\/2026\\\/01\\\/Lechtal_alpin_Ueber_mich_Beitragsbild.jpg\",\"datePublished\":\"2025-11-24T11:03:36+00:00\",\"dateModified\":\"2026-04-10T11:38:25+00:00\",\"description\":\"Heute bin ich staatlich gepr\u00fcfter Berg- & Skif\u00fchrer, Canyoningf\u00fchrer sowie staatlich gepr\u00fcfter Skilehrer und es wurde zu meiner Passion meine Begeisterung f\u00fcr die Abenteuer in den Bergen mit anderen Menschen zu teilen.\",\"breadcrumb\":{\"@id\":\"https:\\\/\\\/lechtal-alpin.at\\\/index.php\\\/ueber-mich\\\/#breadcrumb\"},\"inLanguage\":\"de-AT\",\"potentialAction\":[{\"@type\":\"ReadAction\",\"target\":[\"https:\\\/\\\/lechtal-alpin.at\\\/index.php\\\/ueber-mich\\\/\"]}]},{\"@type\":\"ImageObject\",\"inLanguage\":\"de-AT\",\"@id\":\"https:\\\/\\\/lechtal-alpin.at\\\/index.php\\\/ueber-mich\\\/#primaryimage\",\"url\":\"https:\\\/\\\/lechtal-alpin.at\\\/wp-content\\\/uploads\\\/2026\\\/01\\\/Lechtal_alpin_Ueber_mich_Beitragsbild.jpg\",\"contentUrl\":\"https:\\\/\\\/lechtal-alpin.at\\\/wp-content\\\/uploads\\\/2026\\\/01\\\/Lechtal_alpin_Ueber_mich_Beitragsbild.jpg\",\"width\":1800,\"height\":1000},{\"@type\":\"BreadcrumbList\",\"@id\":\"https:\\\/\\\/lechtal-alpin.at\\\/index.php\\\/ueber-mich\\\/#breadcrumb\",\"itemListElement\":[{\"@type\":\"ListItem\",\"position\":1,\"name\":\"Startseite\",\"item\":\"https:\\\/\\\/lechtal-alpin.at\\\/\"},{\"@type\":\"ListItem\",\"position\":2,\"name\":\"\u00dcber mich\"}]},{\"@type\":\"WebSite\",\"@id\":\"https:\\\/\\\/lechtal-alpin.at\\\/#website\",\"url\":\"https:\\\/\\\/lechtal-alpin.at\\\/\",\"name\":\"Lechtal Alpin\",\"description\":\"\",\"publisher\":{\"@id\":\"https:\\\/\\\/lechtal-alpin.at\\\/#\\\/schema\\\/person\\\/c379d06227bea9bcc3119575c50a158d\"},\"potentialAction\":[{\"@type\":\"SearchAction\",\"target\":{\"@type\":\"EntryPoint\",\"urlTemplate\":\"https:\\\/\\\/lechtal-alpin.at\\\/?s={search_term_string}\"},\"query-input\":{\"@type\":\"PropertyValueSpecification\",\"valueRequired\":true,\"valueName\":\"search_term_string\"}}],\"inLanguage\":\"de-AT\"},{\"@type\":[\"Person\",\"Organization\"],\"@id\":\"https:\\\/\\\/lechtal-alpin.at\\\/#\\\/schema\\\/person\\\/c379d06227bea9bcc3119575c50a158d\",\"name\":\"Marvin K\u00e4rle\",\"image\":{\"@type\":\"ImageObject\",\"inLanguage\":\"de-AT\",\"@id\":\"https:\\\/\\\/lechtal-alpin.at\\\/wp-content\\\/uploads\\\/2026\\\/04\\\/Logo_Lechtal-Alpin_nur-Schrift-LA-scaled.png\",\"url\":\"https:\\\/\\\/lechtal-alpin.at\\\/wp-content\\\/uploads\\\/2026\\\/04\\\/Logo_Lechtal-Alpin_nur-Schrift-LA-scaled.png\",\"contentUrl\":\"https:\\\/\\\/lechtal-alpin.at\\\/wp-content\\\/uploads\\\/2026\\\/04\\\/Logo_Lechtal-Alpin_nur-Schrift-LA-scaled.png\",\"width\":2560,\"height\":1707,\"caption\":\"Marvin K\u00e4rle\"},\"logo\":{\"@id\":\"https:\\\/\\\/lechtal-alpin.at\\\/wp-content\\\/uploads\\\/2026\\\/04\\\/Logo_Lechtal-Alpin_nur-Schrift-LA-scaled.png\"}}]}<\/script>\n<!-- \/ Yoast SEO plugin. -->","yoast_head_json":{"title":"\u00dcber mich - Lechtal Alpin","description":"Heute bin ich staatlich gepr\u00fcfter Berg- & Skif\u00fchrer, Canyoningf\u00fchrer sowie staatlich gepr\u00fcfter Skilehrer und es wurde zu meiner Passion meine Begeisterung f\u00fcr die Abenteuer in den Bergen mit anderen Menschen zu teilen.","robots":{"index":"index","follow":"follow","max-snippet":"max-snippet:-1","max-image-preview":"max-image-preview:large","max-video-preview":"max-video-preview:-1"},"canonical":"https:\/\/lechtal-alpin.at\/index.php\/ueber-mich\/","og_locale":"de_DE","og_type":"article","og_title":"\u00dcber mich - Lechtal Alpin","og_description":"Heute bin ich staatlich gepr\u00fcfter Berg- & Skif\u00fchrer, Canyoningf\u00fchrer sowie staatlich gepr\u00fcfter Skilehrer und es wurde zu meiner Passion meine Begeisterung f\u00fcr die Abenteuer in den Bergen mit anderen Menschen zu teilen.","og_url":"https:\/\/lechtal-alpin.at\/index.php\/ueber-mich\/","og_site_name":"Lechtal Alpin","article_modified_time":"2026-04-10T11:38:25+00:00","og_image":[{"width":1800,"height":1000,"url":"https:\/\/lechtal-alpin.at\/wp-content\/uploads\/2026\/01\/Lechtal_alpin_Ueber_mich_Beitragsbild.jpg","type":"image\/jpeg"}],"twitter_card":"summary_large_image","twitter_misc":{"Gesch\u00e4tzte Lesezeit":"6 Minuten"},"schema":{"@context":"https:\/\/schema.org","@graph":[{"@type":"WebPage","@id":"https:\/\/lechtal-alpin.at\/index.php\/ueber-mich\/","url":"https:\/\/lechtal-alpin.at\/index.php\/ueber-mich\/","name":"\u00dcber mich - Lechtal Alpin","isPartOf":{"@id":"https:\/\/lechtal-alpin.at\/#website"},"primaryImageOfPage":{"@id":"https:\/\/lechtal-alpin.at\/index.php\/ueber-mich\/#primaryimage"},"image":{"@id":"https:\/\/lechtal-alpin.at\/index.php\/ueber-mich\/#primaryimage"},"thumbnailUrl":"https:\/\/lechtal-alpin.at\/wp-content\/uploads\/2026\/01\/Lechtal_alpin_Ueber_mich_Beitragsbild.jpg","datePublished":"2025-11-24T11:03:36+00:00","dateModified":"2026-04-10T11:38:25+00:00","description":"Heute bin ich staatlich gepr\u00fcfter Berg- & Skif\u00fchrer, Canyoningf\u00fchrer sowie staatlich gepr\u00fcfter Skilehrer und es wurde zu meiner Passion meine Begeisterung f\u00fcr die Abenteuer in den Bergen mit anderen Menschen zu teilen.","breadcrumb":{"@id":"https:\/\/lechtal-alpin.at\/index.php\/ueber-mich\/#breadcrumb"},"inLanguage":"de-AT","potentialAction":[{"@type":"ReadAction","target":["https:\/\/lechtal-alpin.at\/index.php\/ueber-mich\/"]}]},{"@type":"ImageObject","inLanguage":"de-AT","@id":"https:\/\/lechtal-alpin.at\/index.php\/ueber-mich\/#primaryimage","url":"https:\/\/lechtal-alpin.at\/wp-content\/uploads\/2026\/01\/Lechtal_alpin_Ueber_mich_Beitragsbild.jpg","contentUrl":"https:\/\/lechtal-alpin.at\/wp-content\/uploads\/2026\/01\/Lechtal_alpin_Ueber_mich_Beitragsbild.jpg","width":1800,"height":1000},{"@type":"BreadcrumbList","@id":"https:\/\/lechtal-alpin.at\/index.php\/ueber-mich\/#breadcrumb","itemListElement":[{"@type":"ListItem","position":1,"name":"Startseite","item":"https:\/\/lechtal-alpin.at\/"},{"@type":"ListItem","position":2,"name":"\u00dcber mich"}]},{"@type":"WebSite","@id":"https:\/\/lechtal-alpin.at\/#website","url":"https:\/\/lechtal-alpin.at\/","name":"Lechtal Alpin","description":"","publisher":{"@id":"https:\/\/lechtal-alpin.at\/#\/schema\/person\/c379d06227bea9bcc3119575c50a158d"},"potentialAction":[{"@type":"SearchAction","target":{"@type":"EntryPoint","urlTemplate":"https:\/\/lechtal-alpin.at\/?s={search_term_string}"},"query-input":{"@type":"PropertyValueSpecification","valueRequired":true,"valueName":"search_term_string"}}],"inLanguage":"de-AT"},{"@type":["Person","Organization"],"@id":"https:\/\/lechtal-alpin.at\/#\/schema\/person\/c379d06227bea9bcc3119575c50a158d","name":"Marvin K\u00e4rle","image":{"@type":"ImageObject","inLanguage":"de-AT","@id":"https:\/\/lechtal-alpin.at\/wp-content\/uploads\/2026\/04\/Logo_Lechtal-Alpin_nur-Schrift-LA-scaled.png","url":"https:\/\/lechtal-alpin.at\/wp-content\/uploads\/2026\/04\/Logo_Lechtal-Alpin_nur-Schrift-LA-scaled.png","contentUrl":"https:\/\/lechtal-alpin.at\/wp-content\/uploads\/2026\/04\/Logo_Lechtal-Alpin_nur-Schrift-LA-scaled.png","width":2560,"height":1707,"caption":"Marvin K\u00e4rle"},"logo":{"@id":"https:\/\/lechtal-alpin.at\/wp-content\/uploads\/2026\/04\/Logo_Lechtal-Alpin_nur-Schrift-LA-scaled.png"}}]}},"_links":{"self":[{"href":"https:\/\/lechtal-alpin.at\/index.php\/wp-json\/wp\/v2\/pages\/49","targetHints":{"allow":["GET"]}}],"collection":[{"href":"https:\/\/lechtal-alpin.at\/index.php\/wp-json\/wp\/v2\/pages"}],"about":[{"href":"https:\/\/lechtal-alpin.at\/index.php\/wp-json\/wp\/v2\/types\/page"}],"author":[{"embeddable":true,"href":"https:\/\/lechtal-alpin.at\/index.php\/wp-json\/wp\/v2\/users\/4"}],"replies":[{"embeddable":true,"href":"https:\/\/lechtal-alpin.at\/index.php\/wp-json\/wp\/v2\/comments?post=49"}],"version-history":[{"count":49,"href":"https:\/\/lechtal-alpin.at\/index.php\/wp-json\/wp\/v2\/pages\/49\/revisions"}],"predecessor-version":[{"id":1388,"href":"https:\/\/lechtal-alpin.at\/index.php\/wp-json\/wp\/v2\/pages\/49\/revisions\/1388"}],"wp:featuredmedia":[{"embeddable":true,"href":"https:\/\/lechtal-alpin.at\/index.php\/wp-json\/wp\/v2\/media\/913"}],"wp:attachment":[{"href":"https:\/\/lechtal-alpin.at\/index.php\/wp-json\/wp\/v2\/media?parent=49"}],"curies":[{"name":"wp","href":"https:\/\/api.w.org\/{rel}","templated":true}]}}