{"id":487,"date":"2026-01-08T12:50:34","date_gmt":"2026-01-08T12:50:34","guid":{"rendered":"https:\/\/dev-lechtal-alpin.at\/?page_id=487"},"modified":"2026-04-10T12:04:43","modified_gmt":"2026-04-10T12:04:43","slug":"wolfebnerspitze","status":"publish","type":"page","link":"https:\/\/lechtal-alpin.at\/index.php\/wolfebnerspitze\/","title":{"rendered":"Wolfebnerspitze"},"content":{"rendered":"<div class=\"wpb-content-wrapper\"><p>[vc_row][vc_column][vc_empty_space height=&#8220;60&#8243;][vc_row_inner equal_height=&#8220;yes&#8220; gap=&#8220;5&#8243;][vc_column_inner width=&#8220;1\/2&#8243;][\/vc_column_inner][vc_column_inner width=&#8220;1\/2&#8243; css=&#8220;.vc_custom_1769756093731{background-color: #E3E3E3 !important;background-position: center !important;background-repeat: no-repeat !important;background-size: cover !important;}&#8220;][vc_column_text css=&#8220;.vc_custom_1770373089349{margin-right: 15px !important;margin-left: 20px !important;}&#8220;]<\/p>\n<h3><strong><span style=\"color: #ae6523;\">WOLFEBNERSPITZE<\/span><\/strong><br \/>\n<span style=\"color: #ae6523;\">Alpinklettern<\/span><\/h3>\n<p><strong>Dauer:<\/strong> 1 Tag<br \/>\n<strong>Teilnehmer:<\/strong> 1\u20132 Personen<\/p>\n<p><strong>Ausgangsort:<\/strong> Elbigenalp<br \/>\n<strong>Zustiege:<\/strong> 20min bis 1,5h (je nach Tour)<br \/>\n<strong>Voraussetzung:<\/strong> Sicheres Klettern im Nachstieg, Trittsicherheit, Schwindelfreiheit, gute Grundkondition<\/p>\n<h4><strong><span style=\"color: #ae6523;\">Ab \u20ac 310,00 \/ pro Person<\/span><\/strong><\/h4>\n<p>[\/vc_column_text][\/vc_column_inner][\/vc_row_inner][vc_empty_space height=&#8220;60&#8243;][\/vc_column][\/vc_row][vc_row full_width=&#8220;stretch_row&#8220; css=&#8220;.vc_custom_1763991539983{background-color: #E3E3E3 !important;background-position: center !important;background-repeat: no-repeat !important;background-size: cover !important;}&#8220;][vc_column][vc_empty_space height=&#8220;20&#8243;][vc_row_inner gap=&#8220;15&#8243;][vc_column_inner width=&#8220;1\/2&#8243;][vc_column_text css=&#8220;&#8220;]<strong>Sehr sch\u00f6ne und abwechslungsreiche Genuss Klettereien rund um den perfekten Ausgangspunkt, die Hermann von Barth H\u00fctte, in den Allg\u00e4uer Alpen. <\/strong><strong>\u00dcber 30 sanierte Touren in gutem Hauptdolomit in den Schwierigkeitsgraden 3-7.<\/strong><\/p>\n<p>Gemeinsam steigen wir fr\u00fch am Morgen zur Hermann von Barth H\u00fctte auf, alternativ, und etwas gem\u00fctlicher, k\u00f6nnt ihr dies am Vortag auch selbst\u00e4ndig machen. Anschlie\u00dfend geht es weglos weiter zum Einstieg unserer ausgew\u00e4hlten Klettertour. Und dann geht der Spa\u00df los und wir klettern in 2-4h (je nach Tour) zum Gipfel der einsamen Wolfebnerspitze. Nach einem gen\u00fcsslichen Rundblick auf dem h\u00f6chsten Punkt, bew\u00e4ltigen wir noch den Abstieg \u00fcber den Normalweg bevor es zur\u00fcck zur H\u00fctte geht.[\/vc_column_text][\/vc_column_inner][vc_column_inner width=&#8220;1\/2&#8243;][vc_column_text css=&#8220;&#8220;]<strong>Leistung:<\/strong><br \/>\n\u2022 Planung und Organisation<br \/>\n\u2022 F\u00fchrung durch staatlich gepr\u00fcften Berg- und Skif\u00fchrer<br \/>\n\u2022 Bei Bedarf Reservierung der H\u00fctte<\/p>\n<p><strong>Zusatzkosten: <\/strong><br \/>\n\u2022 Kosten f\u00fcr An- und Abreise<br \/>\n\u2022 Eventuell \u00dcbernachtung + HP auf der H\u00fctte<br \/>\n\u2022 Eventuell Leihkosten f\u00fcr ein E-Bike (zustieg)<\/p>\n<p><strong>Preisinfo:<br \/>\n<\/strong>\u20ac 500,00 pro Person bei einer Person<br \/>\n\u20ac 310,00 pro Person bei 2 Personen<\/p>\n<p><strong>Unterkunft Empfehlung:<br \/>\n<\/strong>\u2022<a href=\"https:\/\/hermann-von-barth.at\"> Hermann von Barth H\u00fctte<\/a><br \/>\n\u2022<a href=\"https:\/\/apartment-lechtal-alpin.at\"> Apartment Lechtal Alpin<\/a><\/p>\n<p><strong>Touren Vorschl\u00e4ge:<\/strong><br \/>\n\u2022 Wolfebnerspitze: Helle Schicht, S\u00fcdwestkante, Kauschkaf\u00fchre,<br \/>\nBaderf\u00fchre, Schwabentanz, Bluatschink<br \/>\n\u2022 Hermannskarturm: Via Jonas[\/vc_column_text][vc_btn title=&#8220;JETZT ANFRAGEN&#8220; style=&#8220;outline-custom&#8220; outline_custom_color=&#8220;#AE6523&#8243; outline_custom_hover_background=&#8220;#AE6523&#8243; shape=&#8220;square&#8220; align=&#8220;left&#8220; css=&#8220;&#8220; link=&#8220;url:mailto%3Amarvin%40lechtal-alpin.at%3Fsubject%3DAnfrage_Klettern-Wolfebnerspitze&#8220;][\/vc_column_inner][\/vc_row_inner][vc_empty_space height=&#8220;20&#8243;][\/vc_column][\/vc_row][vc_row full_width=&#8220;stretch_row&#8220; disable_element=&#8220;yes&#8220; css=&#8220;.vc_custom_1769756077678{background-position: center !important;background-repeat: no-repeat !important;background-size: cover !important;}&#8220;][vc_column width=&#8220;1\/6&#8243;][\/vc_column][vc_column width=&#8220;2\/3&#8243;][vc_empty_space height=&#8220;80&#8243;][vc_row_inner content_placement=&#8220;middle&#8220; css=&#8220;.vc_custom_1769755711856{margin-left: 0px !important;background-color: #FFFFFF00 !important;}&#8220;][vc_column_inner width=&#8220;1\/2&#8243;][\/vc_column_inner][vc_column_inner width=&#8220;1\/2&#8243; css=&#8220;.vc_custom_1769756046367{margin-left: -25px !important;background-color: #E3E3E300 !important;}&#8220;][vc_cta h2=&#8220;&#8220; shape=&#8220;square&#8220; style=&#8220;custom&#8220; css=&#8220;.vc_custom_1769755700630{margin-left: 0px !important;border-top-width: 1px !important;border-right-width: 1px !important;border-bottom-width: 1px !important;border-left-width: 1px !important;border-left-style: solid !important;border-right-style: solid !important;border-top-style: solid !important;border-bottom-style: solid !important;border-color: #E3E3E3 !important;}&#8220; custom_text=&#8220;#706F6F&#8220; custom_background=&#8220;#E3E3E3&#8243;]<\/p>\n<h3><strong><span style=\"color: #ae6523;\">WOLFEBNERSPITZE<\/span><\/strong><br \/>\n<span style=\"color: #ae6523;\">Alpinklettern<\/span><\/h3>\n<p><strong>Dauer:<\/strong> 1 Tag<br \/>\n<strong>Teilnehmer:<\/strong> 1\u20132 Personen<br \/>\n<strong>Ausgangsort:<\/strong> Elbigenalp<\/p>\n<p><strong>Zustiege:<\/strong> Je nach Tour zwischen 20min und 1h<br \/>\n<strong>Voraussetzung:<\/strong> Sicheres Klettern im Nachstieg, Trittsicherheit, Schwindelfreiheit<\/p>\n<h4><span style=\"color: #ae6523;\">Ab \u20ac 310,00 \/ pro Person<\/span><\/h4>\n<p>[\/vc_cta][\/vc_column_inner][\/vc_row_inner][vc_empty_space height=&#8220;80&#8243;][\/vc_column][vc_column width=&#8220;1\/6&#8243;][\/vc_column][\/vc_row]<\/p>\n<\/div>","protected":false},"excerpt":{"rendered":"<p>[vc_row][vc_column][vc_empty_space height=&#8220;60&#8243;][vc_row_inner equal_height=&#8220;yes&#8220; gap=&#8220;5&#8243;][vc_column_inner width=&#8220;1\/2&#8243;][\/vc_column_inner][vc_column_inner width=&#8220;1\/2&#8243; css=&#8220;.vc_custom_1769756093731{background-color: #E3E3E3 !important;background-position: center !important;background-repeat: no-repeat !important;background-size: cover !important;}&#8220;][vc_column_text css=&#8220;.vc_custom_1770373089349{margin-right: 15px !important;margin-left: 20px !important;}&#8220;] WOLFEBNERSPITZE Alpinklettern Dauer: 1 Tag Teilnehmer: 1\u20132 Personen Ausgangsort: Elbigenalp Zustiege: 20min bis 1,5h (je nach Tour) Voraussetzung: Sicheres Klettern im Nachstieg, Trittsicherheit, Schwindelfreiheit, gute Grundkondition Ab \u20ac 310,00 \/ [&hellip;]<\/p>\n","protected":false},"author":4,"featured_media":1391,"parent":0,"menu_order":0,"comment_status":"closed","ping_status":"closed","template":"","meta":{"inspiro_page_layout":"narrow","inspiro_hide_title":false,"footnotes":""},"class_list":["post-487","page","type-page","status-publish","has-post-thumbnail","hentry"],"yoast_head":"<!-- This site is optimized with the Yoast SEO plugin v27.3 - https:\/\/yoast.com\/product\/yoast-seo-wordpress\/ -->\n<title>Klettern an der Wolfebnerspitze - Lechtal Alpin<\/title>\n<meta name=\"description\" content=\"Sehr sch\u00f6ne und abwechslungsreiche Genuss Klettereien rund um den perfekten Ausgangspunkt, die Hermann von Barth H\u00fctte, in den Allg\u00e4uer Alpen.\" \/>\n<meta name=\"robots\" content=\"index, follow, max-snippet:-1, max-image-preview:large, max-video-preview:-1\" \/>\n<link rel=\"canonical\" href=\"https:\/\/lechtal-alpin.at\/index.php\/wolfebnerspitze\/\" \/>\n<meta property=\"og:locale\" content=\"de_DE\" \/>\n<meta property=\"og:type\" content=\"article\" \/>\n<meta property=\"og:title\" content=\"Klettern an der Wolfebnerspitze - Lechtal Alpin\" \/>\n<meta property=\"og:description\" content=\"Sehr sch\u00f6ne und abwechslungsreiche Genuss Klettereien rund um den perfekten Ausgangspunkt, die Hermann von Barth H\u00fctte, in den Allg\u00e4uer Alpen.\" \/>\n<meta property=\"og:url\" content=\"https:\/\/lechtal-alpin.at\/index.php\/wolfebnerspitze\/\" \/>\n<meta property=\"og:site_name\" content=\"Lechtal Alpin\" \/>\n<meta property=\"article:modified_time\" content=\"2026-04-10T12:04:43+00:00\" \/>\n<meta property=\"og:image\" content=\"https:\/\/lechtal-alpin.at\/wp-content\/uploads\/2026\/02\/Lechtal_Alpin_BEITRAG_Wolfebner_Klettern.jpg\" \/>\n\t<meta property=\"og:image:width\" content=\"1800\" \/>\n\t<meta property=\"og:image:height\" content=\"1000\" \/>\n\t<meta property=\"og:image:type\" content=\"image\/jpeg\" \/>\n<meta name=\"twitter:card\" content=\"summary_large_image\" \/>\n<meta name=\"twitter:label1\" content=\"Gesch\u00e4tzte Lesezeit\" \/>\n\t<meta name=\"twitter:data1\" content=\"3 Minuten\" \/>\n<script type=\"application\/ld+json\" class=\"yoast-schema-graph\">{\"@context\":\"https:\\\/\\\/schema.org\",\"@graph\":[{\"@type\":\"WebPage\",\"@id\":\"https:\\\/\\\/lechtal-alpin.at\\\/index.php\\\/wolfebnerspitze\\\/\",\"url\":\"https:\\\/\\\/lechtal-alpin.at\\\/index.php\\\/wolfebnerspitze\\\/\",\"name\":\"Klettern an der Wolfebnerspitze - Lechtal Alpin\",\"isPartOf\":{\"@id\":\"https:\\\/\\\/lechtal-alpin.at\\\/#website\"},\"primaryImageOfPage\":{\"@id\":\"https:\\\/\\\/lechtal-alpin.at\\\/index.php\\\/wolfebnerspitze\\\/#primaryimage\"},\"image\":{\"@id\":\"https:\\\/\\\/lechtal-alpin.at\\\/index.php\\\/wolfebnerspitze\\\/#primaryimage\"},\"thumbnailUrl\":\"https:\\\/\\\/lechtal-alpin.at\\\/wp-content\\\/uploads\\\/2026\\\/02\\\/Lechtal_Alpin_BEITRAG_Wolfebner_Klettern.jpg\",\"datePublished\":\"2026-01-08T12:50:34+00:00\",\"dateModified\":\"2026-04-10T12:04:43+00:00\",\"description\":\"Sehr sch\u00f6ne und abwechslungsreiche Genuss Klettereien rund um den perfekten Ausgangspunkt, die Hermann von Barth H\u00fctte, in den Allg\u00e4uer Alpen.\",\"breadcrumb\":{\"@id\":\"https:\\\/\\\/lechtal-alpin.at\\\/index.php\\\/wolfebnerspitze\\\/#breadcrumb\"},\"inLanguage\":\"de-AT\",\"potentialAction\":[{\"@type\":\"ReadAction\",\"target\":[\"https:\\\/\\\/lechtal-alpin.at\\\/index.php\\\/wolfebnerspitze\\\/\"]}]},{\"@type\":\"ImageObject\",\"inLanguage\":\"de-AT\",\"@id\":\"https:\\\/\\\/lechtal-alpin.at\\\/index.php\\\/wolfebnerspitze\\\/#primaryimage\",\"url\":\"https:\\\/\\\/lechtal-alpin.at\\\/wp-content\\\/uploads\\\/2026\\\/02\\\/Lechtal_Alpin_BEITRAG_Wolfebner_Klettern.jpg\",\"contentUrl\":\"https:\\\/\\\/lechtal-alpin.at\\\/wp-content\\\/uploads\\\/2026\\\/02\\\/Lechtal_Alpin_BEITRAG_Wolfebner_Klettern.jpg\",\"width\":1800,\"height\":1000},{\"@type\":\"BreadcrumbList\",\"@id\":\"https:\\\/\\\/lechtal-alpin.at\\\/index.php\\\/wolfebnerspitze\\\/#breadcrumb\",\"itemListElement\":[{\"@type\":\"ListItem\",\"position\":1,\"name\":\"Startseite\",\"item\":\"https:\\\/\\\/lechtal-alpin.at\\\/\"},{\"@type\":\"ListItem\",\"position\":2,\"name\":\"Wolfebnerspitze\"}]},{\"@type\":\"WebSite\",\"@id\":\"https:\\\/\\\/lechtal-alpin.at\\\/#website\",\"url\":\"https:\\\/\\\/lechtal-alpin.at\\\/\",\"name\":\"Lechtal Alpin\",\"description\":\"\",\"publisher\":{\"@id\":\"https:\\\/\\\/lechtal-alpin.at\\\/#\\\/schema\\\/person\\\/c379d06227bea9bcc3119575c50a158d\"},\"potentialAction\":[{\"@type\":\"SearchAction\",\"target\":{\"@type\":\"EntryPoint\",\"urlTemplate\":\"https:\\\/\\\/lechtal-alpin.at\\\/?s={search_term_string}\"},\"query-input\":{\"@type\":\"PropertyValueSpecification\",\"valueRequired\":true,\"valueName\":\"search_term_string\"}}],\"inLanguage\":\"de-AT\"},{\"@type\":[\"Person\",\"Organization\"],\"@id\":\"https:\\\/\\\/lechtal-alpin.at\\\/#\\\/schema\\\/person\\\/c379d06227bea9bcc3119575c50a158d\",\"name\":\"Marvin K\u00e4rle\",\"image\":{\"@type\":\"ImageObject\",\"inLanguage\":\"de-AT\",\"@id\":\"https:\\\/\\\/lechtal-alpin.at\\\/wp-content\\\/uploads\\\/2026\\\/04\\\/Logo_Lechtal-Alpin_nur-Schrift-LA-scaled.png\",\"url\":\"https:\\\/\\\/lechtal-alpin.at\\\/wp-content\\\/uploads\\\/2026\\\/04\\\/Logo_Lechtal-Alpin_nur-Schrift-LA-scaled.png\",\"contentUrl\":\"https:\\\/\\\/lechtal-alpin.at\\\/wp-content\\\/uploads\\\/2026\\\/04\\\/Logo_Lechtal-Alpin_nur-Schrift-LA-scaled.png\",\"width\":2560,\"height\":1707,\"caption\":\"Marvin K\u00e4rle\"},\"logo\":{\"@id\":\"https:\\\/\\\/lechtal-alpin.at\\\/wp-content\\\/uploads\\\/2026\\\/04\\\/Logo_Lechtal-Alpin_nur-Schrift-LA-scaled.png\"}}]}<\/script>\n<!-- \/ Yoast SEO plugin. -->","yoast_head_json":{"title":"Klettern an der Wolfebnerspitze - Lechtal Alpin","description":"Sehr sch\u00f6ne und abwechslungsreiche Genuss Klettereien rund um den perfekten Ausgangspunkt, die Hermann von Barth H\u00fctte, in den Allg\u00e4uer Alpen.","robots":{"index":"index","follow":"follow","max-snippet":"max-snippet:-1","max-image-preview":"max-image-preview:large","max-video-preview":"max-video-preview:-1"},"canonical":"https:\/\/lechtal-alpin.at\/index.php\/wolfebnerspitze\/","og_locale":"de_DE","og_type":"article","og_title":"Klettern an der Wolfebnerspitze - Lechtal Alpin","og_description":"Sehr sch\u00f6ne und abwechslungsreiche Genuss Klettereien rund um den perfekten Ausgangspunkt, die Hermann von Barth H\u00fctte, in den Allg\u00e4uer Alpen.","og_url":"https:\/\/lechtal-alpin.at\/index.php\/wolfebnerspitze\/","og_site_name":"Lechtal Alpin","article_modified_time":"2026-04-10T12:04:43+00:00","og_image":[{"width":1800,"height":1000,"url":"https:\/\/lechtal-alpin.at\/wp-content\/uploads\/2026\/02\/Lechtal_Alpin_BEITRAG_Wolfebner_Klettern.jpg","type":"image\/jpeg"}],"twitter_card":"summary_large_image","twitter_misc":{"Gesch\u00e4tzte Lesezeit":"3 Minuten"},"schema":{"@context":"https:\/\/schema.org","@graph":[{"@type":"WebPage","@id":"https:\/\/lechtal-alpin.at\/index.php\/wolfebnerspitze\/","url":"https:\/\/lechtal-alpin.at\/index.php\/wolfebnerspitze\/","name":"Klettern an der Wolfebnerspitze - Lechtal Alpin","isPartOf":{"@id":"https:\/\/lechtal-alpin.at\/#website"},"primaryImageOfPage":{"@id":"https:\/\/lechtal-alpin.at\/index.php\/wolfebnerspitze\/#primaryimage"},"image":{"@id":"https:\/\/lechtal-alpin.at\/index.php\/wolfebnerspitze\/#primaryimage"},"thumbnailUrl":"https:\/\/lechtal-alpin.at\/wp-content\/uploads\/2026\/02\/Lechtal_Alpin_BEITRAG_Wolfebner_Klettern.jpg","datePublished":"2026-01-08T12:50:34+00:00","dateModified":"2026-04-10T12:04:43+00:00","description":"Sehr sch\u00f6ne und abwechslungsreiche Genuss Klettereien rund um den perfekten Ausgangspunkt, die Hermann von Barth H\u00fctte, in den Allg\u00e4uer Alpen.","breadcrumb":{"@id":"https:\/\/lechtal-alpin.at\/index.php\/wolfebnerspitze\/#breadcrumb"},"inLanguage":"de-AT","potentialAction":[{"@type":"ReadAction","target":["https:\/\/lechtal-alpin.at\/index.php\/wolfebnerspitze\/"]}]},{"@type":"ImageObject","inLanguage":"de-AT","@id":"https:\/\/lechtal-alpin.at\/index.php\/wolfebnerspitze\/#primaryimage","url":"https:\/\/lechtal-alpin.at\/wp-content\/uploads\/2026\/02\/Lechtal_Alpin_BEITRAG_Wolfebner_Klettern.jpg","contentUrl":"https:\/\/lechtal-alpin.at\/wp-content\/uploads\/2026\/02\/Lechtal_Alpin_BEITRAG_Wolfebner_Klettern.jpg","width":1800,"height":1000},{"@type":"BreadcrumbList","@id":"https:\/\/lechtal-alpin.at\/index.php\/wolfebnerspitze\/#breadcrumb","itemListElement":[{"@type":"ListItem","position":1,"name":"Startseite","item":"https:\/\/lechtal-alpin.at\/"},{"@type":"ListItem","position":2,"name":"Wolfebnerspitze"}]},{"@type":"WebSite","@id":"https:\/\/lechtal-alpin.at\/#website","url":"https:\/\/lechtal-alpin.at\/","name":"Lechtal Alpin","description":"","publisher":{"@id":"https:\/\/lechtal-alpin.at\/#\/schema\/person\/c379d06227bea9bcc3119575c50a158d"},"potentialAction":[{"@type":"SearchAction","target":{"@type":"EntryPoint","urlTemplate":"https:\/\/lechtal-alpin.at\/?s={search_term_string}"},"query-input":{"@type":"PropertyValueSpecification","valueRequired":true,"valueName":"search_term_string"}}],"inLanguage":"de-AT"},{"@type":["Person","Organization"],"@id":"https:\/\/lechtal-alpin.at\/#\/schema\/person\/c379d06227bea9bcc3119575c50a158d","name":"Marvin K\u00e4rle","image":{"@type":"ImageObject","inLanguage":"de-AT","@id":"https:\/\/lechtal-alpin.at\/wp-content\/uploads\/2026\/04\/Logo_Lechtal-Alpin_nur-Schrift-LA-scaled.png","url":"https:\/\/lechtal-alpin.at\/wp-content\/uploads\/2026\/04\/Logo_Lechtal-Alpin_nur-Schrift-LA-scaled.png","contentUrl":"https:\/\/lechtal-alpin.at\/wp-content\/uploads\/2026\/04\/Logo_Lechtal-Alpin_nur-Schrift-LA-scaled.png","width":2560,"height":1707,"caption":"Marvin K\u00e4rle"},"logo":{"@id":"https:\/\/lechtal-alpin.at\/wp-content\/uploads\/2026\/04\/Logo_Lechtal-Alpin_nur-Schrift-LA-scaled.png"}}]}},"_links":{"self":[{"href":"https:\/\/lechtal-alpin.at\/index.php\/wp-json\/wp\/v2\/pages\/487","targetHints":{"allow":["GET"]}}],"collection":[{"href":"https:\/\/lechtal-alpin.at\/index.php\/wp-json\/wp\/v2\/pages"}],"about":[{"href":"https:\/\/lechtal-alpin.at\/index.php\/wp-json\/wp\/v2\/types\/page"}],"author":[{"embeddable":true,"href":"https:\/\/lechtal-alpin.at\/index.php\/wp-json\/wp\/v2\/users\/4"}],"replies":[{"embeddable":true,"href":"https:\/\/lechtal-alpin.at\/index.php\/wp-json\/wp\/v2\/comments?post=487"}],"version-history":[{"count":69,"href":"https:\/\/lechtal-alpin.at\/index.php\/wp-json\/wp\/v2\/pages\/487\/revisions"}],"predecessor-version":[{"id":1380,"href":"https:\/\/lechtal-alpin.at\/index.php\/wp-json\/wp\/v2\/pages\/487\/revisions\/1380"}],"wp:featuredmedia":[{"embeddable":true,"href":"https:\/\/lechtal-alpin.at\/index.php\/wp-json\/wp\/v2\/media\/1391"}],"wp:attachment":[{"href":"https:\/\/lechtal-alpin.at\/index.php\/wp-json\/wp\/v2\/media?parent=487"}],"curies":[{"name":"wp","href":"https:\/\/api.w.org\/{rel}","templated":true}]}}